{"id":633,"date":"2023-02-19T10:07:54","date_gmt":"2023-02-19T10:07:54","guid":{"rendered":"http:\/\/spiritual-science-research.com\/?page_id=633"},"modified":"2026-02-14T21:47:16","modified_gmt":"2026-02-14T21:47:16","slug":"themen","status":"publish","type":"page","link":"https:\/\/spiritual-science-research.com\/de\/themen\/","title":{"rendered":"Geisteswissenschaftliche Forschung &#8211; Kursinhalt"},"content":{"rendered":"\n<p><\/p>\n\n\n\n<p>Geistige Selbsterforschung durch \u201elearning by doing\u201c<\/p>\n\n\n\n<p>als Weg zur inneren Selbstfindung und Selbstentwicklung<\/p>\n\n\n\n<p>Inessa Burdich<\/p>\n\n\n\n<p><\/p>\n\n\n\n<figure class=\"wp-block-image size-large\"><img loading=\"lazy\" decoding=\"async\" width=\"1024\" height=\"745\" src=\"https:\/\/spiritual-science-research.com\/wp-content\/uploads\/2023\/09\/Screenshot-2023-09-17-at-22.23.27-1024x745.png\" alt=\"\" class=\"wp-image-2791\" srcset=\"https:\/\/spiritual-science-research.com\/wp-content\/uploads\/2023\/09\/Screenshot-2023-09-17-at-22.23.27-1024x745.png 1024w, https:\/\/spiritual-science-research.com\/wp-content\/uploads\/2023\/09\/Screenshot-2023-09-17-at-22.23.27-300x218.png 300w, https:\/\/spiritual-science-research.com\/wp-content\/uploads\/2023\/09\/Screenshot-2023-09-17-at-22.23.27-768x559.png 768w, https:\/\/spiritual-science-research.com\/wp-content\/uploads\/2023\/09\/Screenshot-2023-09-17-at-22.23.27-1536x1118.png 1536w, https:\/\/spiritual-science-research.com\/wp-content\/uploads\/2023\/09\/Screenshot-2023-09-17-at-22.23.27-2048x1490.png 2048w\" sizes=\"auto, (max-width: 1024px) 100vw, 1024px\" \/><figcaption class=\"wp-element-caption\">Rudolf Steiner, 1921<\/figcaption><\/figure>\n\n\n\n<p>\u221e \u221e \u221e \u221e \u221e \u221e \u221e \u221e \u221e<\/p>\n\n\n\n<blockquote class=\"wp-block-quote is-layout-flow wp-block-quote-is-layout-flow\">\n<p class=\"has-vivid-cyan-blue-color has-text-color\"><strong>Geisteswissenschaftliche Forschung &#8211; die Themen des Kurses:<\/strong><\/p>\n\n\n\n<p class=\"has-vivid-cyan-blue-color has-text-color\"><a href=\"#Thema #1\">Thema #1 Meditation zur geistigen Entwicklung und als Methode der Geistesforschung.<\/a><\/p>\n\n\n\n<p class=\"has-vivid-cyan-blue-color has-text-color\"><a href=\"#Thema #2\">Thema #2 Der \u00c4therische Bereich (Lebenskr\u00e4fte) im Menschen und in der Natur.<\/a><\/p>\n\n\n\n<p class=\"has-vivid-cyan-blue-color has-text-color\"><a href=\"#Thema #3\">Thema #3 Der Astralbereich (emotionale Kr\u00e4fte) im Menschen und in der Natur.<\/a><\/p>\n\n\n\n<p class=\"has-vivid-cyan-blue-color has-text-color\"><a href=\"#Thema #4\">Thema #4 Dimensionen des Ich-Bewusstseins (Ich-Pr\u00e4senz).<\/a><\/p>\n\n\n\n<p class=\"has-vivid-cyan-blue-color has-text-color\"><a href=\"#Thema #5\">Thema #5 Die geistigen Wesensglieder der menschlichen Konstitution.<\/a><\/p>\n\n\n\n<p class=\"has-vivid-cyan-blue-color has-text-color\"><a href=\"#Thema #6\">Thema #6 Die seelischen Wesensglieder der menschlichen Konstitution.<\/a><\/p>\n\n\n\n<p class=\"has-vivid-cyan-blue-color has-text-color\"><a href=\"#Thema #7\">Thema #7 Mechanik des Bewusstseins und leeres Bewusstsein.<\/a><\/p>\n<\/blockquote>\n\n\n\n<p>\u221e \u221e \u221e \u221e \u221e \u221e \u221e \u221e \u221e<\/p>\n\n\n\n<p>Der Geisteswissenschaftliche Forschungskurs ist ein praktischer Bildungskurs zur individuellen geistigen Entwicklung auf der Grundlage der Lehre Rudolf Steiners mit den Schwerpunkten Geistesforschung und anthroposophische Meditation. Steiners anthroposophische Geisteswissenschaft ist nicht nur eine Offenbarung spiritueller Erkenntnisse, sondern auch eine Aufforderung, sich auf einen pers\u00f6nlichen Weg der inneren Entwicklung zu begeben, der eine wesentliche Voraussetzung f\u00fcr die Erf\u00fcllung unserer Aufgabe hier auf der Erde ist.<\/p>\n\n\n\n<p>Seit seinem Beginn im Jahr 2018 haben mehr als 350 Teilnehmerinnen und Teilnehmer den Kurs besucht, und er wird derzeit (2024) in sechs Sprachen angeboten.<\/p>\n\n\n\n<figure class=\"wp-block-image size-large\"><img loading=\"lazy\" decoding=\"async\" width=\"1024\" height=\"575\" src=\"https:\/\/spiritual-science-research.com\/wp-content\/uploads\/2025\/04\/Screenshot-2025-04-28-at-22.07.00-1024x575.png\" alt=\"\" class=\"wp-image-5319\" srcset=\"https:\/\/spiritual-science-research.com\/wp-content\/uploads\/2025\/04\/Screenshot-2025-04-28-at-22.07.00-1024x575.png 1024w, https:\/\/spiritual-science-research.com\/wp-content\/uploads\/2025\/04\/Screenshot-2025-04-28-at-22.07.00-300x168.png 300w, https:\/\/spiritual-science-research.com\/wp-content\/uploads\/2025\/04\/Screenshot-2025-04-28-at-22.07.00-768x431.png 768w, https:\/\/spiritual-science-research.com\/wp-content\/uploads\/2025\/04\/Screenshot-2025-04-28-at-22.07.00-1536x862.png 1536w\" sizes=\"auto, (max-width: 1024px) 100vw, 1024px\" \/><\/figure>\n\n\n\n<p>Der Kurs besteht aus praktischen Workshops und Vortr\u00e4gen, die jeweils thematisch miteinander verbunden sind. Bei jedem Treffen tauchen wir in das Reich der \u00fcbersinnlichen Ideen, Prinzipien und Ph\u00e4nomene ein, die in den Vortr\u00e4gen vorgestellt werden. Diese Themen werden dann in Workshops vertieft, wo wir uns mit Forschung, anthroposophischen Meditationen und Wahrnehmungs\u00fcbungen besch\u00e4ftigen.<\/p>\n\n\n\n<p>Der Schwerpunkt unseres Studiums liegt auf der Erforschung von uns selbst, dem Menschen und seiner \u00fcbersinnlichen Konstitution. Dies sind die ersten Schritte in der spirituellen Diagnostik, in der wir die grundlegenden Aspekte unseres inneren Seelen- und Geisteslebens kennen lernen und vertiefen. Wir kommen dem Verst\u00e4ndnis n\u00e4her, wie wir eine h\u00f6here Ebene des Bewusstseins \u00fcber unser inneres Leben erreichen k\u00f6nnen.<\/p>\n\n\n\n<p>Der Weg der Selbstentwicklung auf der Grundlage der Geisteswissenschaft, der in diesem Kurs vorgestellt wird, konzentriert sich auf die St\u00e4rkung Ihres \u201eIchs\u201c (Ihres Selbstgef\u00fchls) als Grundlage aller spirituellen Arbeit. Wir bringen Bewusstsein in unser gesamtes individuelles System, insbesondere in die Reinigung und Verfeinerung von Denken und F\u00fchlen, in die Erlangung subtiler Achtsamkeit und in die St\u00e4rkung des Willens. Wir entwickeln neue F\u00e4higkeiten, wir erlernen wertvolle Fertigkeiten, die wir dann in unseren pers\u00f6nlichen und beruflichen Bereich zur\u00fccktragen. Diese F\u00e4higkeiten f\u00fchren zu neuen Einsichten und Innovationen, die man in das Leben einbringen kann, und alle Disziplinen k\u00f6nnen davon profitieren.<\/p>\n\n\n\n<p>\u221e \u221e \u221e<\/p>\n\n\n\n<p><\/p>\n\n\n\n<p><strong>Warum betritt man einen spirituellen Weg?&nbsp;<\/strong><\/p>\n\n\n\n<p>Der Kurs bietet einen \u00dcberblick \u00fcber die Grundlagen der anthroposophischen \u201eGeisteswissenschaft\u201c, die als etwas erlebt werden kann, dass das innere Leben n\u00e4hrt, die Kreativit\u00e4t unterst\u00fctzt und den Teilnehmern hilft, an der Weiterentwicklung der Welt zu arbeiten.<\/p>\n\n\n\n<p>Wir sensibilisieren unser gesamtes individuelles System, insbesondere in den Bereichen Reinigung und Verfeinerung des Denkens und F\u00fchlens, Erlangung subtiler Achtsamkeit und St\u00e4rkung des Willens. Wir entwickeln neue F\u00e4higkeiten, die wir dann in unserem Leben und in unseren Berufsfeldern anwenden k\u00f6nnen.<\/p>\n\n\n\n<p>\u221e \u221e \u221e<\/p>\n\n\n\n<p>Die Ziele des Kurses sind:&nbsp;<\/p>\n\n\n\n<ul class=\"wp-block-list\">\n<li>Der Grundlagen der Geisteswissenschaft kennenlernen, ihre Methoden und Einsichten vertiefen<\/li>\n\n\n\n<li>Lernen, ein h\u00f6heres Ma\u00df an Bewusstsein und Beherrschung unseres inneren seelisch-spirituellen Lebens zu erlangen.<\/li>\n\n\n\n<li>Geistige und moralische Bildung des Seelen- und Geisteslebens aufgrund der Kenntnisse der h\u00f6heren Welten.&nbsp;<\/li>\n\n\n\n<li>Entwicklung von F\u00e4higkeiten die zur positiven geistigen und moralischen Weltentwicklung beitragen<\/li>\n\n\n\n<li>Lernen, wie man in den geistigen Welten effektiv und gesetzm\u00e4\u00dfig forscht.&nbsp;&nbsp;<\/li>\n<\/ul>\n\n\n\n<p>\u221e \u221e \u221e<\/p>\n\n\n\n<p><strong>Wie wird \u201cGeisteswissenschaftliche Forschung\u201d&nbsp;durchgef\u00fchrt?<\/strong><\/p>\n\n\n\n<p>Der erste Kreis der Kurse beschr\u00e4nkt sich in erster Linie auf die Selbstforschung und die Forschung unserer \u00fcbersinnlichen Konstitution. Das ist der erste Schritt in der geistigen Diagnostik, wo wir unser Verst\u00e4ndnis der Grundaspekte unseres inneren Seelen- und Geisteslebens zu vertiefen lernen. In jedem Treffen werden wir nicht nur die seelische und geistige innere Aktivit\u00e4t vollziehen (d.h. wir werden nicht nur meditieren), sondern auch versuchen, uns selbst zu erforschen, und zu lernen, wie man im Wesentlichen ein h\u00f6heres Bewusstsein im inneren Leben erreicht.&nbsp;<\/p>\n\n\n\n<p>Der Kurs wird mittels der meditativen Zusammenarbeit und gemeinsamen Forschung durchgef\u00fchrt. Wir werden unterschiedlichen Fragen folgen, darunter: Wie fange ich mit der Geistesforschung an? Welche Forschungsmethoden benutzt man in der Geisteswissenschaft? Was ist der Zusammenhang zwischen Forschung und Meditation? Ist es m\u00f6glich, eine subjektive meditative Erfahrung in eine objektive umzuwandeln?&nbsp;<\/p>\n\n\n\n<p>Seit 2018 ist der Kurs in mehreren St\u00e4dten durchgef\u00fchrt worden. Er ist auch von k\u00fcnstlerischen Beitr\u00e4gen wie klassische Musik, Poesie, Eurhythmie, Bothmer Gymnastik, Singen und Malen, begleitet worden. Diese seelenern\u00e4hrenden k\u00fcnstlerischen Intermezzos wurden von den Teilnehmern eingebracht, und solche Beitr\u00e4ge sind auch in den zuk\u00fcnftigen Kursen ganz herzlich willkommen.&nbsp;&nbsp;<\/p>\n\n\n\n<p>\u221e \u221e \u221e<\/p>\n\n\n\n<p><strong>Welches sind die Bestandteile des Kurses?&nbsp;<\/strong><\/p>\n\n\n\n<p>Der Geisteswissenschaftliche Forschung Kurs besteht aus sieben Themenbereichen, die jeweils einen Vortrag und praktische Workshops beinhalten. Der Kurs wird in der Regel an sieben Wochenenden durchgef\u00fchrt \u2013 entweder pers\u00f6nlich oder online.<\/p>\n\n\n\n<p><em>Bitte beachten Sie<\/em>: Alle Vortr\u00e4ge und Seminare entstanden aus unmittelbaren \u00fcbersinnlichen Wahrnehmungen vieler Menschen. Die Themen der Teile&nbsp;sind die folgenden:&nbsp;&nbsp;<\/p>\n\n\n\n<p>Der geisteswissenschaftliche Forschungskurs umfasst die Erforschung der <a href=\"\/de\/the-seven-fundamental-exercises\/\">sieben grundlegenden \u00dcbungen.<\/a><\/p>\n\n\n\n<p>\u221e \u221e \u221e \u221e \u221e \u221e \u221e \u221e \u221e<\/p>\n\n\n\n<h6 id=\"Thema #1\">Thema #1<\/h6>\n\n\n\n<p><strong>VORTRAG<\/strong>&nbsp;\u2013&nbsp;<strong>Meditation zur geistigen Entwicklung und als Methode der Geistesforschung<\/strong>.&nbsp;<\/p>\n\n\n\n<p>Meditation ist seit Kurzem ein wachsend popul\u00e4res Thema geworden, wenn sie auch ganz unterschiedlich beschrieben und benutzt wird. Was ist das tats\u00e4chlich? In diesem Vortrag lernen wir Meditation als Nahrung und \u00dcbung f\u00fcr unsere Seele kennen, wie physische Nahrung und physische \u00dcbung t\u00e4gliche Grundlagen unserer k\u00f6rperlichen Existenz sind. Vielmehr aber kann Meditation als Werkzeug der Geistesforschung in vielen Bereichen des Lebens benutzt werden.&nbsp;<\/p>\n\n\n\n<p>Die Kombination einer Frage, eines klaren gegenstandlosen inneren Raumes, der von Gedanken, Gef\u00fchlen, W\u00fcnschen und Bildern frei ist, und des Ph\u00e4nomens, das zu forschen ist, gibt den h\u00f6heren Welten die M\u00f6glichkeit, klare Einsichten bez\u00fcglich des Forschungsthemas zu liefern.&nbsp;<\/p>\n\n\n\n<p><strong>SEMINAR<\/strong>&nbsp;\u2013&nbsp;<strong>Wie beherrsche ich meine Denkprozesse?<\/strong><\/p>\n\n\n\n<p>Wir werden im Seminar \u00dcbungen zur Vertiefung des oben erw\u00e4hnten Themas machen. Es wird einen Raum geben, um die Bedeutung und Praxis der Meditation als Forschungsprozess zu erkunden. Die folgenden Fragen werden behandelt: Bin ich nur ein physischer K\u00f6rper? Erleben und erkunden der Gedanken und \u00dcben der Gedankenkonzentration. Erkunden der Gef\u00fchle der Stabilit\u00e4t und Sicherheit. Gewahr werden unseres K\u00f6rpers als Objekt der Forschung.&nbsp;&nbsp;<\/p>\n\n\n\n<p>\u221e \u221e \u221e<\/p>\n\n\n\n<h6 id=\"Thema #2\">Thema #2<\/h6>\n\n\n\n<p><strong>VORTRAG \u2013 Der \u00c4therische Bereich (Lebenskr\u00e4fte) im Menschen und in der Natur<\/strong><\/p>\n\n\n\n<p>Bei diesem Vortrag, der sich der \u00e4therischen Welt widmet, werden wir die Eigenschaften unseres Lebensleibes \u2013 \u00c4therleibes \u2013 anschauen, und wie unsere t\u00e4glichen Aktivit\u00e4ten ihn beeinflussen.<\/p>\n\n\n\n<ul class=\"wp-block-list\">\n<li>Wie sieht der \u00c4therleib im Menschen und in der Natur vom \u00fcbersinnlichen Gesichtspunkt aus?&nbsp;<\/li>\n\n\n\n<li>Wie \u00e4ndert sich der \u00c4therleib w\u00e4hrend des Lebens und nach speziellen Behandlungen oder Krankheiten?&nbsp;<\/li>\n\n\n\n<li>Welches sind die vier Typen des \u00c4therischen?&nbsp;<\/li>\n\n\n\n<li>Wie k\u00f6nnen wir das \u00c4therische wirklich erleben?&nbsp;<\/li>\n\n\n\n<li>Wie k\u00f6nnen wir unseren \u00c4therleib entwickeln?&nbsp;<\/li>\n\n\n\n<li>Wie sieht die Sucht vom \u00fcbersinnlichen Gesichtspunkt aus?&nbsp;<\/li>\n<\/ul>\n\n\n\n<p><strong>SEMINAR \u2013 Wie beherrsche ich mein Handeln?&nbsp;<\/strong><\/p>\n\n\n\n<p>Dieses Seminar, das in sich praktische \u00dcbungen einschlie\u00dft, dient zur Vertiefung der Themen des Vortrags.&nbsp;<\/p>\n\n\n\n<ul class=\"wp-block-list\">\n<li>Wie kann ich mich schulen, um mein Handeln und meinen Willen beherrschen zu k\u00f6nnen?&nbsp;<\/li>\n\n\n\n<li>Warum ist es wichtig, eine unbedeutende Aktivit\u00e4t auszu\u00fcben?&nbsp;<\/li>\n\n\n\n<li>Wie kann ich die Gef\u00fchle in der Umgebung entdecken und erforschen, um innerlich aktiv zu werden?&nbsp;<\/li>\n\n\n\n<li>Wie erlange ich ein h\u00f6heres Bewusstsein \u00fcber meinen eigenen \u00c4therleib?<\/li>\n\n\n\n<li>Wie kann ich das Prinzip des Rhythmus in mein Leben einbringen und warum ist das so wichtig?&nbsp;<\/li>\n\n\n\n<li>Wie erstelle ich einen Selbstlernplan?<\/li>\n\n\n\n<li>Wie baue ich die Meditationszeiten in den Tag ein?&nbsp;<\/li>\n<\/ul>\n\n\n\n<p>\u221e \u221e \u221e<\/p>\n\n\n\n<h6 id=\"Thema #3\">Thema #3<\/h6>\n\n\n\n<p><strong>VORTRAG \u2013 Der Astralbereich (emotionale Kr\u00e4fte) im Menschen und in der Natur<\/strong><\/p>\n\n\n\n<p>Heutzutage, in der Zeit des Materialismus und Intellektualismus, wird unseren Gef\u00fchlen nur geringe Bedeutung zugeschrieben. Und doch zeigt es sich nach und nach, dass sie eine wichtige Rolle in unserem Wohlsein und, was auch sehr wichtig ist, in unserer k\u00f6rperlichen Gesundheit spielen.&nbsp;<\/p>\n\n\n\n<p>Dieser Vortrag widmet sich eher dem Bereich unserer Gef\u00fchle und Emotionen, der auch als Astralleib bezeichnet wird, und wir werden uns mit den folgenden Fragen besch\u00e4ftigen:&nbsp;<\/p>\n\n\n\n<ul class=\"wp-block-list\">\n<li>Wie sieht der Astralleib des Menschen vom \u00fcbersinnlichen Gesichtspunkt aus? Wie \u00e4ndert er sich mit dem Alter, einer Krankheit, einem Beruf etc?&nbsp;<\/li>\n\n\n\n<li>Wie wird der Astralleib von unseren Lebensereignissen, unseren t\u00e4glichen Aktivit\u00e4ten und negativen geistigen Impulsen beeinflusst, obwohl man sie nicht direkt wahrnehmen kann?&nbsp;<\/li>\n\n\n\n<li>Wie kann ich mich schulen, meine Gef\u00fchle beherrschen zu k\u00f6nnen? Wie erlange ich ein h\u00f6heres Bewusstsein \u00fcber meinen Astralleib?&nbsp;<\/li>\n\n\n\n<li>Wie kann ich meine Seele beruhigen und diese Ruhe und dieses Gleichgewicht halten?&nbsp;<\/li>\n<\/ul>\n\n\n\n<p><strong>SEMINAR \u2013 Wie beherrsche ich meine Gef\u00fchle und wie erkenne ich die Schl\u00fcsselrolle der Ruhe in diesem Prozess?&nbsp;<\/strong><\/p>\n\n\n\n<p>In diesem Seminar werden wir praktische \u00dcbungen zur Vertiefung des Vortragsinhalts kennenlernen.&nbsp;<\/p>\n\n\n\n<ul class=\"wp-block-list\">\n<li>Wo befinden sich meine Gef\u00fchle?&nbsp;<\/li>\n\n\n\n<li>Wie kann ich mich schulen, um meine Gef\u00fchle beherrschen zu k\u00f6nnen?&nbsp;<\/li>\n\n\n\n<li>Erleben und erforschen gro\u00dfer Freude und tiefer Traurigkeit&nbsp;<\/li>\n\n\n\n<li>Erkunden des Gef\u00fchls der inneren Ruhe.<\/li>\n\n\n\n<li>Warum sah Rudolf Steiner die vollkommene Seelenruhe als die erste Stufe der h\u00f6heren Initiation?&nbsp;<\/li>\n<\/ul>\n\n\n\n<p>\u221e \u221e \u221e<\/p>\n\n\n\n<h6 id=\"Thema #4\">Thema #4<\/h6>\n\n\n\n<p><strong>VORTRAG \u2013 Dimensionen des Ich-Bewusstseins (Ich-Pr\u00e4senz)<\/strong><\/p>\n\n\n\n<p><strong>Im Verlauf unseres individuellen geistigen Entwicklungsweges begegnen wir immer wieder der grundlegenden Frage: Wer bin ich? Das Mysterium des \u201eIch\u201c geh\u00f6rt zu den gr\u00f6\u00dften R\u00e4tseln menschlicher Existenz. Das Ich ist in der Ewigkeit verwurzelt und inkarniert sich in unsere Wesensglieder, indem es sich im irdischen Leben nach und nach offenbart.<\/strong><\/p>\n\n\n\n<p><strong>Dieser Vortrag widmet sich mehreren miteinander verbundenen Fragestellungen:<\/strong><\/p>\n\n\n\n<ul class=\"wp-block-list\">\n<li><strong>Wie k\u00f6nnen wir uns dem Mysterium des \u201eIch\u201c n\u00e4hern \u2013 das Selbstbewusstsein, der auch als Ich-Pr\u00e4senz oder Ich-Tr\u00e4ger bezeichnet wird?<\/strong><\/li>\n<\/ul>\n\n\n\n<ul class=\"wp-block-list\">\n<li><strong>Wie ver\u00e4ndern sich die Qualit\u00e4ten unserer Ich-Pr\u00e4senz im Laufe der verschiedenen Lebensphasen?<\/strong><\/li>\n<\/ul>\n\n\n\n<ul class=\"wp-block-list\">\n<li><strong>Welche Herausforderungen entstehen, wenn die Ich-Pr\u00e4senz geschw\u00e4cht ist?<\/strong><\/li>\n<\/ul>\n\n\n\n<ul class=\"wp-block-list\">\n<li><strong>Wie kann die Ich-Pr\u00e4senz bewusst gest\u00e4rkt werden?<\/strong><\/li>\n<\/ul>\n\n\n\n<p><strong>Die St\u00e4rkung der Ich-Pr\u00e4senz gilt als ein wesentlicher Ansatz im Umgang mit zahlreichen seelischen St\u00f6rungen und anderen gesundheitlichen Beeintr\u00e4chtigungen. Sie bildet zugleich die Grundlage jeder ernsthaften geistigen Arbeit. Der Vortrag befasst sich mit Aspekten der harmonischen Entwicklung der Ich-Pr\u00e4senz sowie mit dem Zusammenhang zwischen Ich-Pr\u00e4senz und bestimmten Gesundheitszust\u00e4nden, darunter beispielsweise \u00dcberempfindlichkeit. Wir werden die Entstehung von \u00dcberempfindlichkeit untersuchen und M\u00f6glichkeiten zum Aufbau pers\u00f6nlicher Resilienz betrachten, um diese zu \u00fcberwinden.<\/strong><\/p>\n\n\n\n<p><strong>SEMINAR \u2013 Wie werde ich der St\u00e4rke meiner eigenen Ich-<strong>Pr\u00e4senz<\/strong> gewahr?\u00a0<\/strong><\/p>\n\n\n\n<p>Auf diesem Seminar werden wir praktische \u00dcbungen zur Vertiefung des Vortragsinhalts kennenlernen.&nbsp;<\/p>\n\n\n\n<ul class=\"wp-block-list\">\n<li>Bin ich der Herr in meinem Haus?&nbsp;<\/li>\n\n\n\n<li>Wie werde ich meiner eigenen Ich-Pr\u00e4senz gewahr?\u00a0<\/li>\n\n\n\n<li>Wie kann ich mein inneres Selbst verst\u00e4rken, d.h. meine Ich-Pr\u00e4senz?<\/li>\n\n\n\n<li>Heutzutage f\u00fchlen sich viele Menschen desorientiert, frustriert, nicht imstande, den Kontakt mit sich selbst zu finden \u2013 wie k\u00f6nnen wir uns zu unserem Selbst zur\u00fcckf\u00fchren?&nbsp;<\/li>\n<\/ul>\n\n\n\n<p>Die Positivit\u00e4t hat erwiesenerma\u00dfen einen Einfluss auf die Entwicklung unserer Ich-Pr\u00e4senz, und so werden wir erforschen, wie man bewusst seinen Geist auf die positiven Aspekte jeder Lebenserfahrung konzentriert, und welche Prozesse man miteinbeziehen kann, um die negativen Erfahrungen in die positiven zu verwandeln, wodurch als Ergebnis die Gef\u00fchle des geistigen Gl\u00fccks entstehen.<\/p>\n\n\n\n<p>\u221e \u221e \u221e<\/p>\n\n\n\n<h6 id=\"Thema #5\">Thema #5<\/h6>\n\n\n\n<p><strong>VORTRAG \u2013 Die geistigen Wesensglieder der menschlichen Konstitution.<\/strong><\/p>\n\n\n\n<p>Bei diesem Vortrag werden wir das Ph\u00e4nomen der menschlichen geistigen Konstitution erforschen. Unsere entwickelte h\u00f6here geistige Struktur besteht aus drei Teilen: Geistselbst, Lebensgeist und Geistesmensch. Die Menschen sind imstande, ihre h\u00f6heren geistigen Wesensglieder weiterzuentwickeln, indem sie an sich auf dem inneren Weg zum Geistigen arbeiten. Andererseits gibt es in Bezug auf die Konstitution \u00fcbersinnliche Schichten der Materie. Die h\u00f6heren Wesensglieder sind mit der Konstitution der Materie verbunden. Wir werden den Zusammenhang zwischen den entwickelten \u00fcbersinnlichen menschlichen Wesensgliedern und konstitutionellen Schichten der Materie erforschen.&nbsp;<\/p>\n\n\n\n<p>Die h\u00f6heren geistigen Wesensglieder k\u00f6nnen \u00fcber mehrere Lebenszeiten entwickelt werden, sie schwinden nicht weg, wie der physische K\u00f6rper, sondern bleiben aktiv in den geistigen Welten. Sie orientieren uns hin zu anderen Seelen in einem Schaffensprozess der geistigen Gemeinschaft. Das ist eine wichtige Tatsache und wir werden ihre Prinzipien betrachten.&nbsp;<\/p>\n\n\n\n<p><strong>SEMINAR \u2013 Die menschliche geistige Konstitution und die Rolle der Objektivit\u00e4t in der Forschung.&nbsp;<\/strong><\/p>\n\n\n\n<p>Dieses Seminar, das in sich praktische \u00dcbungen einschlie\u00dft, wird unser Verst\u00e4ndnis des Vortragsinhalts vertiefen. Es widmet sich in erster Linie demjenigen Teil der menschlichen geistigen Konstitution, der als Geistselbst bezeichnet wird.&nbsp;<\/p>\n\n\n\n<p>Wir werden die folgenden Themen betrachten:&nbsp;<\/p>\n\n\n\n<ul class=\"wp-block-list\">\n<li>Erkunden und Erforschen der Grundrolle der Objektivit\u00e4t in der Geistesforschung. Erforschen der Prozesse, die in der Verwandlung unserer subjektiven Erlebnisse in die objektiven beteiligt sind.&nbsp;<\/li>\n\n\n\n<li>Entwicklung der Gesinnung des vollkommenen Objektivseins. Gewahr werden des Geistselbst.&nbsp;<\/li>\n<\/ul>\n\n\n\n<p>\u221e \u221e \u221e<\/p>\n\n\n\n<h6 id=\"Thema #6\">Thema #6<\/h6>\n\n\n\n<p><strong>VORTRAG \u2013 Die seelischen Wesensglieder der menschlichen Konstitution.<\/strong><\/p>\n\n\n\n<p>Dieser Vortrag untersucht das Ph\u00e4nomen der Seelenkonstitution und ihre Unterteilung in drei Aspekte: Empfindungsseele, Verstandesseele und Bewusstseinsseele. Im Vortrag wird das Gewicht auf die Empfindungs- und Bewusstseinsseele gelegt.&nbsp;<\/p>\n\n\n\n<p>Jeder Teil der Seele hat spezifische Qualit\u00e4ten. Die Empfindungsseele ist verantwortlich f\u00fcr unsere Instinkte, \u00c4ngste und andere unterbewusste Emotionen.&nbsp;<\/p>\n\n\n\n<p>Auch die Beziehung zwischen Krankheit und Seele wird beleuchtet. Wir werden der Frage nachgehen, wie wir unsere Seele unterst\u00fctzen und harmonisieren k\u00f6nnen.&nbsp;<\/p>\n\n\n\n<p>Alles, was die Seele an Wahrem und Gutem entwickelt, ist unsterblich Wenn wir an diesem Prozess arbeiten, erheben wir uns \u00fcber die Empfindungsseele hinaus zur Bewusstseinsseele.<\/p>\n\n\n\n<p><strong>SEMINAR \u2013 Wie erlange ich Gleichgewicht und Ausgeglichenheit in der Seele?<\/strong><\/p>\n\n\n\n<p>Dieses Seminar, das in sich praktische \u00dcbungen einschlie\u00dft, wird unser Verst\u00e4ndnis des Vortragsinhalts vertiefen. Auf dem Weg der inneren Entwicklung werden wir dessen gewahr, wie unser Leben voll von Ablenkungen und Verlockungen ist, die uns jeden Tag in unterschiedliche Richtungen ziehen. Wie finde ich den geistigen Schwerpunkt, der mir St\u00e4rke und Sicherheit verleiht und mich beim Behalten dieser Ausgeglichenheit und Harmonie unterst\u00fctzt? Wie kann die innere Ausgeglichenheit zwischen meiner Seele und den geistigen Kr\u00e4ften Harmonie in die Beziehung zu meiner Intelligenz, meinen Gef\u00fchlen und meiner Moralit\u00e4t bringen?<\/p>\n\n\n\n<p>In diesem Seminar werden wir erforschen, wie wir das seelische Gleichgewicht entwickeln k\u00f6nnen, das als geistig inspirierte Gesinnung erscheint, die uns erm\u00f6glicht, sicher und effektiv auf der Welt mitzuarbeiten.&nbsp;<\/p>\n\n\n\n<p>\u221e \u221e \u221e<\/p>\n\n\n\n<h6 id=\"Thema #7\">Thema #7<\/h6>\n\n\n\n<p><strong>VORTRAG \u2013 Mechanik des Bewusstseins<\/strong> <strong>und leeres Bewusstsein<\/strong><\/p>\n\n\n\n<p>Wie und wo denken wir? Das leere Bewusstsein und das Ph\u00e4nomen der gesetzm\u00e4\u00dfigen Fragestellung in der Forschung.<\/p>\n\n\n\n<p>Bei diesem Vortrag, der sich in erster Linie unseren Denkprozessen (niedriges geistiges Gebiet)&nbsp;widmet, werden wir die Eigenschaften der Verstandesseele (intellektuelle, mentale Prozesse)&nbsp;anschauen, und auch wie sie von unseren t\u00e4glichen Aktivit\u00e4ten beeinflusst wird.&nbsp;<\/p>\n\n\n\n<p>Unser Denken befindet sich im sogenannten intellektuellen Gebiet unserer Seele, das als eine B\u00fchne vorgestellt werden kann, wo die Gedankenwesen erscheinen und schauspielern k\u00f6nnen.<\/p>\n\n\n\n<p>Die Verstandesseele hat die F\u00e4higkeit, einen Inhalt zu empfangen, der uns auch erm\u00f6glicht, h\u00f6here Wahrnehmungen zu erhalten. Der Zusammenhang zwischen der Verstandesseele und der geistigen Einsicht wird mithilfe einer korrekt gestellten Frage hergestellt. Allerdings, um eine klare Antwort zu erhalten, m\u00fcssen wir uns im Zustand inhaltslosen Bewusstseins befinden, d.h. frei von Gedanken, W\u00fcnschen, Bildern, Befangenheiten und Vorurteilen. Der Zustand wird oft \u201cleeres Bewusstsein\u201c genannt. Die Erreichung dieses Zustandes ist ein wichtiger Schritt auf dem Weg unserer Entwicklung und die Kernvoraussetzung f\u00fcr die Geistesforschung.&nbsp;<\/p>\n\n\n\n<p><strong>SEMINAR \u2013 Leeres Bewusstsein und Fragestellung in der Forschung.&nbsp;<\/strong><\/p>\n\n\n\n<p>Auf diesem Seminar werden wir mit praktischen \u00dcbungen arbeiten, die zur Vertiefung des Vortragsinhalts dienen. Wir werden die folgenden Aspekte erforschen:&nbsp;<\/p>\n\n\n\n<ul class=\"wp-block-list\">\n<li>Wo befinden sich unsere Gedanken?<\/li>\n\n\n\n<li>Wie k\u00f6nnen wir den Unterschied zwischen dem Prozess des Denkens und dessen Inhalt erleben?&nbsp;<\/li>\n\n\n\n<li>Warum ist f\u00fcr die meisten von uns die Betrachtung unseres eigenen Denkens w\u00e4hrend dessen schwierig? Eine solche Betrachtung kann auch als ein au\u00dfergew\u00f6hnlicher Zustand beschrieben werden<\/li>\n<\/ul>\n\n\n\n<p>Wir werden auch die Frage ansprechen, wie wir die F\u00e4higkeit entwickeln k\u00f6nnen, nichts zu denken, und wir werden uns in der Erreichung inhaltslosen Bewusstseins \u00fcben. Zuletzt werden wir auch das Ph\u00e4nomen und die Voraussetzungen gesetzm\u00e4\u00dfiger Fragestellung in der Forschung erkunden.&nbsp;<\/p>\n\n\n\n<p>\u221e \u221e \u221e<\/p>\n","protected":false},"excerpt":{"rendered":"<p>Geistige Selbsterforschung durch \u201elearning by doing\u201c als Weg zur inneren Selbstfindung und Selbstentwicklung Inessa Burdich \u221e \u221e \u221e \u221e \u221e \u221e \u221e \u221e \u221e Geisteswissenschaftliche Forschung &#8211; die Themen des Kurses: Thema #1 Meditation zur geistigen Entwicklung und als Methode der Geistesforschung. Thema #2 Der \u00c4therische Bereich (Lebenskr\u00e4fte) im Menschen und in der Natur. Thema [&hellip;]<\/p>\n","protected":false},"author":2,"featured_media":0,"parent":0,"menu_order":0,"comment_status":"closed","ping_status":"closed","template":"","meta":{"footnotes":""},"class_list":["post-633","page","type-page","status-publish","hentry"],"translation":{"provider":"WPGlobus","version":"3.0.2","language":"de","enabled_languages":["en","de"],"languages":{"en":{"title":true,"content":true,"excerpt":false},"de":{"title":false,"content":false,"excerpt":false}}},"yoast_head":"<!-- This site is optimized with the Yoast SEO plugin v27.5 - https:\/\/yoast.com\/product\/yoast-seo-wordpress\/ -->\n<title>Geisteswissenschaftliche Forschung - Kursinhalt - Spiritual Science Research<\/title>\n<meta name=\"robots\" content=\"index, follow, max-snippet:-1, max-image-preview:large, max-video-preview:-1\" \/>\n<link rel=\"canonical\" href=\"https:\/\/spiritual-science-research.com\/themen\/\" \/>\n<meta property=\"og:locale\" content=\"de_DE\" \/>\n<meta property=\"og:type\" content=\"article\" \/>\n<meta property=\"og:title\" content=\"Geisteswissenschaftliche Forschung - Kursinhalt - Spiritual Science Research\" \/>\n<meta property=\"og:url\" content=\"https:\/\/spiritual-science-research.com\/themen\/\" \/>\n<meta property=\"og:site_name\" content=\"Spiritual Science Research\" \/>\n<meta property=\"article:modified_time\" content=\"2026-02-14T21:47:16+00:00\" \/>\n<meta property=\"og:image\" content=\"https:\/\/spiritual-science-research.com\/wp-content\/uploads\/2023\/09\/Screenshot-2023-09-17-at-22.23.27-1024x745.png\" \/>\n\t<meta property=\"og:image:width\" content=\"1024\" \/>\n\t<meta property=\"og:image:height\" content=\"745\" \/>\n\t<meta property=\"og:image:type\" content=\"image\/png\" \/>\n<meta name=\"twitter:card\" content=\"summary_large_image\" \/>\n<meta name=\"twitter:label1\" content=\"Est. reading time\" \/>\n\t<meta name=\"twitter:data1\" content=\"12 minutes\" \/>\n<script type=\"application\/ld+json\" class=\"yoast-schema-graph\">{\"@context\":\"https:\\\/\\\/schema.org\",\"@graph\":[{\"@type\":\"WebPage\",\"@id\":\"https:\\\/\\\/spiritual-science-research.com\\\/themen\\\/\",\"url\":\"https:\\\/\\\/spiritual-science-research.com\\\/themen\\\/\",\"name\":\"Geisteswissenschaftliche Forschung - Kursinhalt - Spiritual Science Research\",\"isPartOf\":{\"@id\":\"https:\\\/\\\/spiritual-science-research.com\\\/#website\"},\"primaryImageOfPage\":{\"@id\":\"https:\\\/\\\/spiritual-science-research.com\\\/themen\\\/#primaryimage\"},\"image\":{\"@id\":\"https:\\\/\\\/spiritual-science-research.com\\\/themen\\\/#primaryimage\"},\"thumbnailUrl\":\"https:\\\/\\\/spiritual-science-research.com\\\/wp-content\\\/uploads\\\/2023\\\/09\\\/Screenshot-2023-09-17-at-22.23.27-1024x745.png\",\"datePublished\":\"2023-02-19T10:07:54+00:00\",\"dateModified\":\"2026-02-14T21:47:16+00:00\",\"description\":\"% % Geistige Selbsterforschung durch \u201elearning by doing\u201c als Weg zur inneren Selbstfindung und Selbstentwicklung Inessa Burdich Rudolf Steiner, 1921 \u221e \u221e \u221e \u221e \u221e % %\",\"breadcrumb\":{\"@id\":\"https:\\\/\\\/spiritual-science-research.com\\\/themen\\\/#breadcrumb\"},\"inLanguage\":\"de-DE\",\"potentialAction\":[{\"@type\":\"ReadAction\",\"target\":[\"https:\\\/\\\/spiritual-science-research.com\\\/themen\\\/\"]}]},{\"@type\":\"ImageObject\",\"inLanguage\":\"de-DE\",\"@id\":\"https:\\\/\\\/spiritual-science-research.com\\\/themen\\\/#primaryimage\",\"url\":\"https:\\\/\\\/spiritual-science-research.com\\\/wp-content\\\/uploads\\\/2023\\\/09\\\/Screenshot-2023-09-17-at-22.23.27-1024x745.png\",\"contentUrl\":\"https:\\\/\\\/spiritual-science-research.com\\\/wp-content\\\/uploads\\\/2023\\\/09\\\/Screenshot-2023-09-17-at-22.23.27-1024x745.png\"},{\"@type\":\"BreadcrumbList\",\"@id\":\"https:\\\/\\\/spiritual-science-research.com\\\/themen\\\/#breadcrumb\",\"itemListElement\":[{\"@type\":\"ListItem\",\"position\":1,\"name\":\"Home\",\"item\":\"https:\\\/\\\/spiritual-science-research.com\\\/\"},{\"@type\":\"ListItem\",\"position\":2,\"name\":\"Geisteswissenschaftliche Forschung &#8211; Kursinhalt\"}]},{\"@type\":\"WebSite\",\"@id\":\"https:\\\/\\\/spiritual-science-research.com\\\/#website\",\"url\":\"https:\\\/\\\/spiritual-science-research.com\\\/\",\"name\":\"Spiritual Science Research\",\"description\":\"Learning by doing\",\"publisher\":{\"@id\":\"https:\\\/\\\/spiritual-science-research.com\\\/#organization\"},\"potentialAction\":[{\"@type\":\"SearchAction\",\"target\":{\"@type\":\"EntryPoint\",\"urlTemplate\":\"https:\\\/\\\/spiritual-science-research.com\\\/?s={search_term_string}\"},\"query-input\":{\"@type\":\"PropertyValueSpecification\",\"valueRequired\":true,\"valueName\":\"search_term_string\"}}],\"inLanguage\":\"de-DE\"},{\"@type\":\"Organization\",\"@id\":\"https:\\\/\\\/spiritual-science-research.com\\\/#organization\",\"name\":\"Spiritual Science Research\",\"url\":\"https:\\\/\\\/spiritual-science-research.com\\\/\",\"logo\":{\"@type\":\"ImageObject\",\"inLanguage\":\"de-DE\",\"@id\":\"https:\\\/\\\/spiritual-science-research.com\\\/#\\\/schema\\\/logo\\\/image\\\/\",\"url\":\"https:\\\/\\\/spiritual-science-research.com\\\/wp-content\\\/uploads\\\/2023\\\/05\\\/Group-337.png\",\"contentUrl\":\"https:\\\/\\\/spiritual-science-research.com\\\/wp-content\\\/uploads\\\/2023\\\/05\\\/Group-337.png\",\"width\":400,\"height\":161,\"caption\":\"Spiritual Science Research\"},\"image\":{\"@id\":\"https:\\\/\\\/spiritual-science-research.com\\\/#\\\/schema\\\/logo\\\/image\\\/\"}}]}<\/script>\n<!-- \/ Yoast SEO plugin. -->","yoast_head_json":{"title":"Geisteswissenschaftliche Forschung - Kursinhalt - Spiritual Science Research","robots":{"index":"index","follow":"follow","max-snippet":"max-snippet:-1","max-image-preview":"max-image-preview:large","max-video-preview":"max-video-preview:-1"},"canonical":"https:\/\/spiritual-science-research.com\/themen\/","og_locale":"de_DE","og_type":"article","og_title":"Geisteswissenschaftliche Forschung - Kursinhalt - Spiritual Science Research","og_url":"https:\/\/spiritual-science-research.com\/themen\/","og_site_name":"Spiritual Science Research","article_modified_time":"2026-02-14T21:47:16+00:00","og_image":[{"width":1024,"height":745,"url":"https:\/\/spiritual-science-research.com\/wp-content\/uploads\/2023\/09\/Screenshot-2023-09-17-at-22.23.27-1024x745.png","type":"image\/png"}],"twitter_card":"summary_large_image","twitter_misc":{"Est. reading time":"12 minutes"},"schema":{"@context":"https:\/\/schema.org","@graph":[{"@type":"WebPage","@id":"https:\/\/spiritual-science-research.com\/themen\/","url":"https:\/\/spiritual-science-research.com\/themen\/","name":"Geisteswissenschaftliche Forschung - Kursinhalt - Spiritual Science Research","isPartOf":{"@id":"https:\/\/spiritual-science-research.com\/#website"},"primaryImageOfPage":{"@id":"https:\/\/spiritual-science-research.com\/themen\/#primaryimage"},"image":{"@id":"https:\/\/spiritual-science-research.com\/themen\/#primaryimage"},"thumbnailUrl":"https:\/\/spiritual-science-research.com\/wp-content\/uploads\/2023\/09\/Screenshot-2023-09-17-at-22.23.27-1024x745.png","datePublished":"2023-02-19T10:07:54+00:00","dateModified":"2026-02-14T21:47:16+00:00","description":"% % Geistige Selbsterforschung durch \u201elearning by doing\u201c als Weg zur inneren Selbstfindung und Selbstentwicklung Inessa Burdich Rudolf Steiner, 1921 \u221e \u221e \u221e \u221e \u221e % %","breadcrumb":{"@id":"https:\/\/spiritual-science-research.com\/themen\/#breadcrumb"},"inLanguage":"de-DE","potentialAction":[{"@type":"ReadAction","target":["https:\/\/spiritual-science-research.com\/themen\/"]}]},{"@type":"ImageObject","inLanguage":"de-DE","@id":"https:\/\/spiritual-science-research.com\/themen\/#primaryimage","url":"https:\/\/spiritual-science-research.com\/wp-content\/uploads\/2023\/09\/Screenshot-2023-09-17-at-22.23.27-1024x745.png","contentUrl":"https:\/\/spiritual-science-research.com\/wp-content\/uploads\/2023\/09\/Screenshot-2023-09-17-at-22.23.27-1024x745.png"},{"@type":"BreadcrumbList","@id":"https:\/\/spiritual-science-research.com\/themen\/#breadcrumb","itemListElement":[{"@type":"ListItem","position":1,"name":"Home","item":"https:\/\/spiritual-science-research.com\/"},{"@type":"ListItem","position":2,"name":"Geisteswissenschaftliche Forschung &#8211; Kursinhalt"}]},{"@type":"WebSite","@id":"https:\/\/spiritual-science-research.com\/#website","url":"https:\/\/spiritual-science-research.com\/","name":"Spiritual Science Research","description":"Learning by doing","publisher":{"@id":"https:\/\/spiritual-science-research.com\/#organization"},"potentialAction":[{"@type":"SearchAction","target":{"@type":"EntryPoint","urlTemplate":"https:\/\/spiritual-science-research.com\/?s={search_term_string}"},"query-input":{"@type":"PropertyValueSpecification","valueRequired":true,"valueName":"search_term_string"}}],"inLanguage":"de-DE"},{"@type":"Organization","@id":"https:\/\/spiritual-science-research.com\/#organization","name":"Spiritual Science Research","url":"https:\/\/spiritual-science-research.com\/","logo":{"@type":"ImageObject","inLanguage":"de-DE","@id":"https:\/\/spiritual-science-research.com\/#\/schema\/logo\/image\/","url":"https:\/\/spiritual-science-research.com\/wp-content\/uploads\/2023\/05\/Group-337.png","contentUrl":"https:\/\/spiritual-science-research.com\/wp-content\/uploads\/2023\/05\/Group-337.png","width":400,"height":161,"caption":"Spiritual Science Research"},"image":{"@id":"https:\/\/spiritual-science-research.com\/#\/schema\/logo\/image\/"}}]}},"_links":{"self":[{"href":"https:\/\/spiritual-science-research.com\/de\/wp-json\/wp\/v2\/pages\/633","targetHints":{"allow":["GET"]}}],"collection":[{"href":"https:\/\/spiritual-science-research.com\/de\/wp-json\/wp\/v2\/pages"}],"about":[{"href":"https:\/\/spiritual-science-research.com\/de\/wp-json\/wp\/v2\/types\/page"}],"author":[{"embeddable":true,"href":"https:\/\/spiritual-science-research.com\/de\/wp-json\/wp\/v2\/users\/2"}],"replies":[{"embeddable":true,"href":"https:\/\/spiritual-science-research.com\/de\/wp-json\/wp\/v2\/comments?post=633"}],"version-history":[{"count":43,"href":"https:\/\/spiritual-science-research.com\/de\/wp-json\/wp\/v2\/pages\/633\/revisions"}],"predecessor-version":[{"id":7789,"href":"https:\/\/spiritual-science-research.com\/de\/wp-json\/wp\/v2\/pages\/633\/revisions\/7789"}],"wp:attachment":[{"href":"https:\/\/spiritual-science-research.com\/de\/wp-json\/wp\/v2\/media?parent=633"}],"curies":[{"name":"wp","href":"https:\/\/api.w.org\/{rel}","templated":true}]}}