{"id":624,"date":"2023-02-19T09:57:59","date_gmt":"2023-02-19T09:57:59","guid":{"rendered":"http:\/\/spiritual-science-research.com\/?page_id=624"},"modified":"2026-03-15T11:07:07","modified_gmt":"2026-03-15T11:07:07","slug":"sobre-el-curso","status":"publish","type":"page","link":"https:\/\/spiritual-science-research.com\/de\/sobre-el-curso\/","title":{"rendered":"Investigaci\u00f3n en Ciencias Espirituales &#8211; contenido del curso en espa\u00f1ol"},"content":{"rendered":"\n<p><\/p>\n\n\n\n<p>Desarrollo interior a traves del \u201cSprender Haciendo\u201d<\/p>\n\n\n\n<p>Facilitado by <a href=\"\/sobre-inessa\/\">Inessa Burdich<\/a><\/p>\n\n\n\n<figure class=\"wp-block-image size-large\"><img loading=\"lazy\" decoding=\"async\" width=\"1024\" height=\"652\" src=\"https:\/\/spiritual-science-research.com\/wp-content\/uploads\/2024\/11\/Screenshot-2024-11-12-at-23.32.11-1024x652.png\" alt=\"\" class=\"wp-image-4415\" srcset=\"https:\/\/spiritual-science-research.com\/wp-content\/uploads\/2024\/11\/Screenshot-2024-11-12-at-23.32.11-1024x652.png 1024w, https:\/\/spiritual-science-research.com\/wp-content\/uploads\/2024\/11\/Screenshot-2024-11-12-at-23.32.11-300x191.png 300w, https:\/\/spiritual-science-research.com\/wp-content\/uploads\/2024\/11\/Screenshot-2024-11-12-at-23.32.11-768x489.png 768w, https:\/\/spiritual-science-research.com\/wp-content\/uploads\/2024\/11\/Screenshot-2024-11-12-at-23.32.11-1536x977.png 1536w, https:\/\/spiritual-science-research.com\/wp-content\/uploads\/2024\/11\/Screenshot-2024-11-12-at-23.32.11-2048x1303.png 2048w\" sizes=\"auto, (max-width: 1024px) 100vw, 1024px\" \/><figcaption class=\"wp-element-caption\">Rudolf Steiner, 1924<\/figcaption><\/figure>\n\n\n\n<p>\u221e \u221e \u221e<\/p>\n\n\n\n<blockquote class=\"wp-block-quote is-layout-flow wp-block-quote-is-layout-flow\">\n<p class=\"has-vivid-cyan-blue-color has-text-color\"><strong>Investigaci\u00f3n en Ciencias Espirituales &#8211; siete temas del curso<\/strong><\/p>\n\n\n\n<p class=\"has-vivid-cyan-blue-color has-text-color\"><a href=\"#Tema #1\">Tema #1 \u2013 La meditaci\u00f3n como camino de desarrollo espiritual y como m\u00e9todo para la investigaci\u00f3n de la ciencia espiritual<\/a>.<\/p>\n\n\n\n<p class=\"has-vivid-cyan-blue-color has-text-color\"><a href=\"#Tema #2\">Tema #2 \u2013 El reino et\u00e9rico (fuerzas vitales) en los seres humanos y en la naturaleza.<\/a><\/p>\n\n\n\n<p class=\"has-vivid-cyan-blue-color has-text-color\"><a href=\"#Tema #3\">Tema #3 \u2013 El reino Astral (fuerzas emocionales) en los seres humanos y en la naturaleza.<\/a><\/p>\n\n\n\n<p class=\"has-vivid-cyan-blue-color has-text-color\"><a href=\"#Tema #4\">Tema #4 \u2013 Dimensiones del sentido del Yo (Yo-manifestaci\u00f3n) y su relaci\u00f3n con la hipersensibilidad.<\/a><\/p>\n\n\n\n<p class=\"has-vivid-cyan-blue-color has-text-color\"><a href=\"#Tema #5\">Tema #5 \u2013 Las partes espirituales de la constituci\u00f3n humana.<\/a><\/p>\n\n\n\n<p class=\"has-vivid-cyan-blue-color has-text-color\"><a href=\"#Tema #6\">Tema #6 \u2013 Las partes del alma de la constituci\u00f3n humana.<\/a><\/p>\n\n\n\n<p class=\"has-vivid-cyan-blue-color has-text-color\"><a href=\"#Tema #7\">Tema #7 \u2013 Mec\u00e1nica de la Mente y conciencia vac\u00eda.<\/a><\/p>\n<\/blockquote>\n\n\n\n<p>\u221e \u221e \u221e<\/p>\n\n\n\n<p>El curso de Investigaci\u00f3n en Ciencias Espirituales es un curso educativo pr\u00e1ctico sobre el desarrollo espiritual individual basado en la ense\u00f1anza de Rudolf Steiner, centrado en la Investigaci\u00f3n de la Ciencia Espiritual y la Meditaci\u00f3n Antropos\u00f3fica. La Ciencia Espiritual Antropos\u00f3fica de Steiner no es solo una revelaci\u00f3n de percepciones espirituales, sino tambi\u00e9n una llamada para que emprendamos un camino personal de Desarrollo Interior, un requisito previo vital para cumplir nuestra misi\u00f3n aqu\u00ed en la Tierra.<\/p>\n\n\n\n<p>Desde su inicio en 2018, m\u00e1s de 350 participantes han tomado el curso, y actualmente (2024) se facilita en seis idiomas.<\/p>\n\n\n\n<p>El curso consta de talleres pr\u00e1cticos y charlas, cada uno interconectado tem\u00e1ticamente. En cada encuentro, nos sumergimos en el reino de las ideas, principios y fen\u00f3menos supersensibles introducidos a trav\u00e9s de las charlas. Estos temas se profundizan despu\u00e9s en los talleres, donde nos dedicamos a la investigaci\u00f3n, las meditaciones antropos\u00f3ficas y los ejercicios de percepci\u00f3n.<\/p>\n\n\n\n<p>Nuestro estudio se centra principalmente en la investigaci\u00f3n sobre nosotros mismos, los seres humanos, y nuestra constituci\u00f3n suprasensible. Estos son los primeros pasos del diagn\u00f3stico espiritual, donde aprendemos y profundizamos en los aspectos fundamentales de nuestra alma interior y de nuestra vida espiritual. Nos acercamos a la comprensi\u00f3n de c\u00f3mo alcanzar un nivel superior de conciencia de nuestra vida interior.<\/p>\n\n\n\n<p><\/p>\n\n\n\n<p>El camino de autodesarrollo basado en la Ciencia Espiritual que se presenta en este curso se centrar\u00e1 en que fortalezcas tu \u00abYo\u00bb (tu sentido del Ser) como base de todo trabajo espiritual. Llevamos la conciencia a la totalidad de nuestro sistema individual, especialmente en la purificaci\u00f3n y refinamiento del pensamiento y los sentimientos, logrando una atenci\u00f3n sutil y fortaleciendo la voluntad. Desarrollamos nuevas capacidades; aprendemos habilidades valiosas que luego transmitimos a nuestro \u00e1mbito personal y profesional. Estas capacidades conducen a nuevas percepciones e innovaciones que uno puede aportar a la vida, y todas las disciplinas pueden beneficiarse.<\/p>\n\n\n\n<p>\u221e \u221e \u221e<\/p>\n\n\n\n<p><strong>\u00bfPor qu\u00e9 emprender un camino espiritual?<\/strong><\/p>\n\n\n\n<p>El curso ofrece una descripci\u00f3n general de los fundamentos de la \u201eCiencia espiritual\u201c antropos\u00f3fica que se puede experimentar como algo que nutre la vida interior, apoya la creatividad y ayuda a los participantes a servir al mundo.<\/p>\n\n\n\n<p>Aportamos conciencia al conjunto de nuestro sistema individual, especialmente en la purificaci\u00f3n del pensamiento y los sentimientos, logrando una atenci\u00f3n sutil y fortaleciendo la voluntad. Aprendemos valiosas capacidades que luego transmitimos a nuestro \u00e1mbito personal y profesional. Estas capacidades conducen a nuevas percepciones e innovaciones que uno puede llevar a toda la vida, y todas las disciplinas pueden beneficiarse.<\/p>\n\n\n\n<p>\u221e \u221e \u221e<\/p>\n\n\n\n<p>Los principales objetivos del curso son:<\/p>\n\n\n\n<p>\u2022 Aprender y profundizar en los aspectos fundamentales de la Ciencia Espiritual, sus conocimientos y m\u00e9todos.<\/p>\n\n\n\n<p>\u2022 Aprender a alcanzar un mayor nivel de conciencia y dominio de nuestra vida an\u00edmica-espiritual interior.<\/p>\n\n\n\n<p>\u2022 Fomentar un desarrollo moral y enriquecer la vida del alma sobre la base de una comprensi\u00f3n central de los Mundos Superiores (espirituales) y la relaci\u00f3n del hombre con ellos.<\/p>\n\n\n\n<p>\u2022 Aprender a aportar una contribuci\u00f3n suprasensible positiva y solidaria al desarrollo espiritual y moral del mundo.<\/p>\n\n\n\n<p>\u2022 Aprender a realizar investigaciones experienciales efectivas y l\u00edcitas en reinos suprasensibles.<\/p>\n\n\n\n<p>\u221e \u221e \u221e<\/p>\n\n\n\n<p><strong>\u00bfC\u00f3mo funciona la Investigaci\u00f3n en Ciencias Espirituales?<\/strong><\/p>\n\n\n\n<p>El primer c\u00edrculo de sesiones en el curso de Investigaci\u00f3n en Ciencias Espirituales se enfoca en investigarnos a nosotros mismos y nuestra constituci\u00f3n suprasensible. Este es el primer paso en el diagn\u00f3stico espiritual mediante el cual aprendemos a profundizar nuestra comprensi\u00f3n de los aspectos fundamentales de nuestra alma interior y vida espiritual. En cada sesi\u00f3n realizaremos ejercicios meditativos, profundizados a su vez en el estudio de las actitudes de investigaci\u00f3n m\u00e1s efectivas y en la comprensi\u00f3n de c\u00f3mo alcanzar un mayor nivel de conciencia de nuestra vida interior.<\/p>\n\n\n\n<p>El curso se lleva a cabo a trav\u00e9s del formato de investigaci\u00f3n y estudio meditativo colaborativo.<\/p>\n\n\n\n<p>Nos guiaremos por diferentes preguntas como:<\/p>\n\n\n\n<ul class=\"wp-block-list\">\n<li>\u00bfC\u00f3mo puedo comenzar a realizar una investigaci\u00f3n espiritual?<\/li>\n\n\n\n<li>\u00bfCu\u00e1les son los m\u00e9todos de investigaci\u00f3n espiritualmente l\u00edcitos que se utilizan en la ciencia espiritual?<\/li>\n\n\n\n<li>\u00bfCu\u00e1l es la relaci\u00f3n entre investigaci\u00f3n y meditaci\u00f3n?<\/li>\n\n\n\n<li>\u00bfC\u00f3mo es posible convertir una experiencia meditativa subjetiva en primera persona en objetiva?<\/li>\n<\/ul>\n\n\n\n<p>Lanzado en 2018, este curso se ha presentado con \u00e9xito en toda Europa, frecuentemente acompa\u00f1ado de aportes art\u00edsticos como la m\u00fasica cl\u00e1sica, la poes\u00eda, la euritmia, la gimnasia Bothmer, el canto y el dibujo. Tales intermezzos art\u00edsticos que nutren el alma, tra\u00eddos a cursos anteriores por participantes talentosos y entusiastas, son bienvenidos de todo coraz\u00f3n en todos los cursos de Inessa.<\/p>\n\n\n\n<p>\u221e \u221e \u221e<\/p>\n\n\n\n<p><strong>\u00bfCu\u00e1l es el contenido del curso de Investigaci\u00f3n en Ciencias Espirituales?<\/strong><\/p>\n\n\n\n<p>El curso de Investigaci\u00f3n en Ciencias Espirituales consta de siete temas, cada uno incluye una charla y talleres pr\u00e1cticos. El curso generalmente se imparte durante siete fines de semana, ya sea en persona o en l\u00ednea.<\/p>\n\n\n\n<p>Tenga en cuenta: todas las charlas y talleres se basan en nuestras observaciones suprasensibles directas de muchas personas a lo largo de los a\u00f1os. Los temas son los siguientes.<\/p>\n\n\n\n<h6 id=\"Tema #1\">Tema #1<\/h6>\n\n\n\n<p><strong>CHARLA \u2013 La meditaci\u00f3n como camino de desarrollo espiritual y como m\u00e9todo para la investigaci\u00f3n de la ciencia espiritual<\/strong><\/p>\n\n\n\n<p>La meditaci\u00f3n se ha convertido en un tema cada vez m\u00e1s popular en los \u00faltimos tiempos, pero se describe y aplica de muchas maneras diferentes. \u00bfAs\u00ed que qu\u00e9 es la meditaci\u00f3n? En esta charla exploraremos la meditaci\u00f3n como una forma de nutrir y entrenar nuestra alma de manera similar que la alimentaci\u00f3n y el ejercicio f\u00edsico son necesidades diarias para nosotros.<\/p>\n\n\n\n<p>Adem\u00e1s, aprender\u00e1 que la meditaci\u00f3n tambi\u00e9n se puede utilizar como una herramienta para la investigaci\u00f3n espiritual en una amplia gama de \u00e1reas.<\/p>\n\n\n\n<p>Concentrarse en una pregunta central interna es un primer aspecto en la investigaci\u00f3n espiritual y crear un espacio interior claro y sin contenido es un requisito crucial para ello.<\/p>\n\n\n\n<p><strong>TALLER \u2013 C\u00f3mo controlar tus pensamientos<\/strong><\/p>\n\n\n\n<p>En el taller descubriremos y aplicaremos ejercicios pr\u00e1cticos para profundizar en el tema de la charla. Este ser\u00e1 un espacio para explorar el valor y la pr\u00e1ctica de la meditaci\u00f3n como proceso de formaci\u00f3n y de investigaci\u00f3n. Los temas cubiertos incluyen lo siguiente.<\/p>\n\n\n\n<ul class=\"wp-block-list\">\n<li>Experimentar e investigar pensamientos de fuego fatuo;<\/li>\n\n\n\n<li>Practicar la concentraci\u00f3n de pensamientos;<\/li>\n\n\n\n<li>Explorar sentimientos de estabilidad y confianza.<\/li>\n<\/ul>\n\n\n\n<p>\u221e \u221e \u221e<\/p>\n\n\n\n<h6 id=\"Tema #2\">Tema #2<\/h6>\n\n\n\n<p><strong>CHARLA \u2013 El reino et\u00e9rico (fuerzas vitales) en los seres humanos y en la naturaleza<\/strong><\/p>\n\n\n\n<p>En esta charla, dedicada principalmente al \u00e1mbito et\u00e9rico, veremos las funciones de nuestro \u201ccuerpo vital\u201d (tambi\u00e9n llamado cuerpo et\u00e9rico) y c\u00f3mo se ve afectado por nuestras actividades cotidianas.<\/p>\n\n\n\n<ul class=\"wp-block-list\">\n<li>\u00bfC\u00f3mo aparece el cuerpo et\u00e9rico en el ser humano y en la naturaleza desde un punto de vista suprasensible (no f\u00edsico)?<\/li>\n\n\n\n<li>\u00bfC\u00f3mo cambia nuestro cuerpo et\u00e9rico con la edad o despu\u00e9s de tratamientos o enfermedades espec\u00edficas?<\/li>\n\n\n\n<li>\u00bfCu\u00e1les son los cuatro tipos diferentes de lo et\u00e9rico?<\/li>\n\n\n\n<li>\u00bfC\u00f3mo podemos experimentarlos en nuestra vida?<\/li>\n\n\n\n<li>\u00bfC\u00f3mo podemos desarrollar nuestro cuerpo et\u00e9rico?<\/li>\n\n\n\n<li>\u00bfC\u00f3mo aparecen las adicciones desde un punto de vista espiritual?<\/li>\n<\/ul>\n\n\n\n<p><strong>TALLER \u2013 \u00bfC\u00f3mo puedo ganar Autocontrol?<\/strong><\/p>\n\n\n\n<p>Este taller, que tambi\u00e9n incorpora ejercicios pr\u00e1cticos, pretende profundizar en los temas de la charla.<\/p>\n\n\n\n<ul class=\"wp-block-list\">\n<li>\u00bfC\u00f3mo me entreno para controlar mis acciones y voluntad?<\/li>\n\n\n\n<li>\u00bfC\u00f3mo descubro y exploro un impulso interno para volverme m\u00e1s activo?<\/li>\n\n\n\n<li>\u00bfC\u00f3mo me hago m\u00e1s consciente de mi propio cuerpo et\u00e9rico?<\/li>\n\n\n\n<li>\u00bfC\u00f3mo puedo traer el principio del ritmo a mi vida y por qu\u00e9 es tan importante?<\/li>\n\n\n\n<li>\u00bfC\u00f3mo empiezo un nuevo curr\u00edculo de autoaprendizaje y asigno ciertos tiempos para la meditaci\u00f3n diaria? Aspectos que le da a los mundos superiores la posibilidad de proporcionar conocimientos claros sobre el tema de investigaci\u00f3n.<\/li>\n<\/ul>\n\n\n\n<p>\u221e \u221e \u221e<\/p>\n\n\n\n<h6 id=\"Tema #3\">Tema #3<\/h6>\n\n\n\n<p><strong>CHARLA \u2013 El reino Astral (fuerzas emocionales) en los seres humanos y en la naturaleza<\/strong><\/p>\n\n\n\n<p>En estos d\u00edas de materialismo e intelectualismo, a menudo se les da poca importancia a nuestros sentimientos. Sin embargo, se reconoce cada vez m\u00e1s que desempe\u00f1an un papel importante en nuestro bienestar y, lo que es m\u00e1s importante, en nuestra salud corporal.<\/p>\n\n\n\n<p>Esta charla est\u00e1 dedicada principalmente al \u00e1rea de nuestros sentimientos y emociones (tambi\u00e9n llamado cuerpo astral) y los temas que se considerar\u00e1n incluyen los siguientes.<\/p>\n\n\n\n<ul class=\"wp-block-list\">\n<li>\u00bfC\u00f3mo aparece el cuerpo astral en el humano desde un punto de vista suprasensible? \u00bfC\u00f3mo cambia con la edad o la enfermedad, su profesi\u00f3n, etc.?<\/li>\n\n\n\n<li>\u00bfC\u00f3mo el cuerpo astral puede verse afectado por nuestras situaciones biogr\u00e1ficas, actividades cotidianas habituales e influencias espirituales negativas, aunque no se perciban directamente?<\/li>\n\n\n\n<li>\u00bfC\u00f3mo me entreno para controlar mis sentimientos? \u00bfC\u00f3mo me hago m\u00e1s consciente de mi propio cuerpo astral?<\/li>\n\n\n\n<li>\u00bfC\u00f3mo puedo aquietar mi alma y mantener esta quietud y ecuanimidad?<\/li>\n<\/ul>\n\n\n\n<p><strong>TALLER \u2013 \u00bfC\u00f3mo domino mis sentimientos y aprendo el papel clave de la quietud en este proceso?<\/strong><\/p>\n\n\n\n<p>En este taller aprenderemos ejercicios pr\u00e1cticos para profundizar en el contenido de la charla.<\/p>\n\n\n\n<ul class=\"wp-block-list\">\n<li>\u00bfD\u00f3nde est\u00e1n \u201cubicados\u201d mis sentimientos?<\/li>\n\n\n\n<li>\u00bfC\u00f3mo puedo entrenarme para controlar mis sentimientos?<\/li>\n\n\n\n<li>Experimentar e investigar sentimientos de mayor j\u00fabilo y profunda tristeza.<\/li>\n\n\n\n<li>Explorar el sentimiento de quietud interior.<\/li>\n\n\n\n<li>\u00bfPor qu\u00e9 Rudolf Steiner consider\u00f3 la completa quietud del alma como el primer nivel de iniciaci\u00f3n superior?<\/li>\n<\/ul>\n\n\n\n<p>\u221e \u221e \u221e<\/p>\n\n\n\n<h6 id=\"Tema #4\">Tema #4<\/h6>\n\n\n\n<p><strong>CHARLA \u2013 Dimensiones del sentido del Yo (Yo-manifestaci\u00f3n) y su relaci\u00f3n con la hipersensibilidad.<\/strong><\/p>\n\n\n\n<p>En nuestro viaje espiritual individual, nos hacemos una y otra vez la pregunta central: \u201c\u00bfQui\u00e9n soy yo?\u201d El misterio del yo es el mayor enigma de nuestra existencia. Est\u00e1 encarnando en nuestros cuerpos inferiores y manifest\u00e1ndose all\u00ed. En esta charla discutiremos los problemas de la manifestaci\u00f3n del \u201cyo\u201d, es decir, el \u201csentido del S\u00ed mismo\u201d, tambi\u00e9n llamado nuestro yo-cuerpo o yo-portador.<\/p>\n\n\n\n<p>El fortalecimiento de la manifestaci\u00f3n del yo se considera un fuerte remedio contra muchos trastornos mentales y otras enfermedades, y es la base de todo trabajo espiritual. Los aspectos del fortalecimiento de nuestro \u201ayo\u2018 y las correlaciones entre una fuerte manifestaci\u00f3n del yo y nuestra salud y enfermedades se explorar\u00e1n usando el ejemplo de la hipersensibilidad.<\/p>\n\n\n\n<p>Hoy en d\u00eda la hipersensibilidad es un fen\u00f3meno cada vez m\u00e1s com\u00fan. Las personas con hipersensibilidad tienen una constituci\u00f3n suprasensible distinta y, como parte de esta charla, exploraremos la g\u00e9nesis de la hipersensibilidad y las formas de aumentar la resiliencia personal para superarla.<\/p>\n\n\n\n<p><strong>TALLER \u2013 \u00bfC\u00f3mo puedo tomar conciencia de la fuerza de la manifestaci\u00f3n de mi propio yo?<\/strong><\/p>\n\n\n\n<p>En el taller aprenderemos ejercicios pr\u00e1cticos para profundizar en los temas de la charla.<\/p>\n\n\n\n<ul class=\"wp-block-list\">\n<li>\u00bfSoy \u201cel due\u00f1o de mi casa\u201d?<\/li>\n\n\n\n<li>\u00bfC\u00f3mo puedo fortalecer mi ser interior, es decir, mi manifestaci\u00f3n del yo?<\/li>\n\n\n\n<li>Hoy en d\u00eda, muchas personas se sienten desorientadas, dispersas y no pueden encontrar una conexi\u00f3n con ellas mismas. \u00bfC\u00f3mo podemos recuperarnos a nosotros mismos?<\/li>\n<\/ul>\n\n\n\n<p>La positividad tiene una influencia comprobada en el desarrollo de nuestra manifestaci\u00f3n del yo, por lo que exploraremos c\u00f3mo dirigir nuestra mente conscientemente a los aspectos positivos de cada experiencia en nuestra vida, investigando y aplicando procesos mediante los cuales las experiencias negativas pueden transformarse en positivas y los sentimientos resultantes de felicidad espiritual.<\/p>\n\n\n\n<p>\u221e \u221e \u221e<\/p>\n\n\n\n<h6 id=\"Tema #5\">Tema #5<\/h6>\n\n\n\n<p><strong>CHARLA \u2013 Las partes espirituales de la constituci\u00f3n humana<\/strong><\/p>\n\n\n\n<p>En esta charla, dedicada principalmente a los mundos espirituales, exploramos el fen\u00f3meno de la constituci\u00f3n espiritual humana. Nuestra estructura espiritual superior desarrollada consta de tres partes: Ser Espiritual, Esp\u00edritu de Vida y Hombre Esp\u00edritu. Los seres humanos son capaces de desarrollar sus cuerpos espirituales superiores trabajando sobre s\u00ed mismos a trav\u00e9s de un camino espiritual interior.<\/p>\n\n\n\n<p>Los cuerpos espirituales superiores pueden desarrollarse a lo largo de m\u00faltiples vidas y no perecen con el cuerpo f\u00edsico, sino que, por el contrario, permanecen activos en los mundos espirituales. Nos dan una orientaci\u00f3n hacia otras almas en un proceso de \u201cconstrucci\u00f3n espiritual-comunitaria\u201d. Consideraremos los principios de esta posibilidad.<\/p>\n\n\n\n<p><strong>TALLER \u2013 Constituci\u00f3n espiritual humana y el papel de la objetividad en la investigaci\u00f3n<\/strong><\/p>\n\n\n\n<p>Este taller, que incluir\u00e1 ejercicios pr\u00e1cticos, profundizar\u00e1 nuestra comprensi\u00f3n de los temas tratados en la charla. Est\u00e1 principalmente dedicado a la parte de la constituci\u00f3n espiritual humana, que se llama Yo Espiritual. Consideraremos los siguientes temas:<\/p>\n\n\n\n<ul class=\"wp-block-list\">\n<li>Explorar e investigar el papel fundamental de la objetividad en la investigaci\u00f3n cient\u00edfica espiritual.<\/li>\n\n\n\n<li>Investigar los procesos involucrados en la transformaci\u00f3n de nuestras experiencias subjetivas en objetivas.<\/li>\n\n\n\n<li>Desarrollar una actitud de ser completamente objetivo. Tomar conciencia del Ser Espiritual.<\/li>\n<\/ul>\n\n\n\n<p>\u221e \u221e \u221e<\/p>\n\n\n\n<h6 id=\"Tema #6\">Tema #6<\/h6>\n\n\n\n<p><strong>CHARLA \u2013 Las partes del alma de la constituci\u00f3n humana<\/strong><\/p>\n\n\n\n<p>Esta charla examina el fen\u00f3meno de la constituci\u00f3n del alma humana y su divisi\u00f3n en tres aspectos, es decir, las partes sensible, intelectual y consciente del alma. De estos, las partes Sensible y Conciencia ser\u00e1n abordadas principalmente en la charla.<\/p>\n\n\n\n<p>Cada parte del alma constituye cualidades an\u00edmicas espec\u00edficas. La parte \u201econsciente\u201c es \u201eresponsable\u201c de nuestros instintos, ansiedad, miedos, ira y otras emociones \u201eanimales\u201c subconscientes. Se examinar\u00e1 la relaci\u00f3n entre las enfermedades relevantes y nuestra alma. Abordaremos la pregunta: \u00bfC\u00f3mo podemos apoyar y armonizar nuestra alma?<\/p>\n\n\n\n<p>Permitiendo que la verdad y el bien habiten y vivan dentro de nosotros, nos elevamos por encima del alma Consciente. Lo que el alma lleva dentro de s\u00ed como verdad y bien es inmortal y eternamente radiante. Esta parte del alma se llama el alma de la Conciencia.<\/p>\n\n\n\n<p><strong>TALLER \u2013 \u00bfC\u00f3mo puedo obtener el equilibrio y el equilibrio del alma?<\/strong><\/p>\n\n\n\n<p>Este taller, que incluir\u00e1 ejercicios pr\u00e1cticos, profundizar\u00e1 nuestra comprensi\u00f3n de los temas tratados en la charla. En un camino de desarrollo interior tomamos conciencia de c\u00f3mo nuestra vida est\u00e1 llena de perturbaciones y atracciones que nos empujan en diferentes direcciones todos los d\u00edas.<\/p>\n\n\n\n<ul class=\"wp-block-list\">\n<li>\u00bfC\u00f3mo encuentro un centro de gravedad espiritual que me d\u00e9 fuerza y \u200b\u200bconfianza, y me ayude a mantener un equilibrio constante de armon\u00eda y equilibrio interior?<\/li>\n\n\n\n<li>\u00bfC\u00f3mo un equilibrio interior entre mi alma y las fuerzas espirituales trae armon\u00eda a la relaci\u00f3n entre mi intelecto, sentimientos y moralidad?<\/li>\n<\/ul>\n\n\n\n<p>En este taller exploraremos c\u00f3mo podemos desarrollar un equilibrio del alma, un estado de \u00e1nimo inspirado espiritualmente, que nos permita trabajar de manera segura y efectiva en el mundo.<\/p>\n\n\n\n<p>\u221e \u221e \u221e<\/p>\n\n\n\n<h6 id=\"Tema #7\">Tema #7<\/h6>\n\n\n\n<p><strong>CHARLA \u2013 Mec\u00e1nica de la Mente y conciencia vac\u00eda<\/strong><\/p>\n\n\n\n<p>En esta charla, dedicada principalmente al \u00e1rea de nuestros procesos de pensamiento (reino espiritual \u201ainferior\u2018), veremos las funciones de la parte intelectual del alma (procesos mentales) y c\u00f3mo se ve afectada por nuestras actividades cotidianas. Nuestro pensar tiene lugar en la llamada parte intelectual de nuestra alma, que puede entenderse como una especie de \u201cescenario\u201d donde los seres de pensamientos pueden \u201caparecer y actuar\u201d.<\/p>\n\n\n\n<p>La parte intelectual del alma tiene la capacidad de recibir contenido de pensamiento y es receptiva a una percepci\u00f3n superior. Una conexi\u00f3n entre la mente intelectual y la percepci\u00f3n espiritual se activa mediante una pregunta de investigaci\u00f3n formulada correctamente, pero para recibir una respuesta clara de los mundos espirituales tenemos que proporcionar un \u201eestado mental sin contenido\u201c, es decir, la llamada \u201emente vac\u00eda\u201c desprovisto de pensamientos, deseos, im\u00e1genes, sesgos e ideas preconcebidas El logro de la mente vac\u00eda es un paso importante en nuestro desarrollo interior y un requisito fundamental para la investigaci\u00f3n de la ciencia espiritual.<\/p>\n\n\n\n<p><strong>TALLER \u2013 Mente vac\u00eda y una pregunta de investigaci\u00f3n<\/strong><\/p>\n\n\n\n<p>En este taller trabajaremos con ejercicios pr\u00e1cticos para profundizar en los temas tratados en la charla. Exploraremos los siguientes aspectos:<\/p>\n\n\n\n<ul class=\"wp-block-list\">\n<li>\u00bfD\u00f3nde est\u00e1n \u201aubicados\u2018 nuestros pensamientos?<\/li>\n\n\n\n<li>\u00bfC\u00f3mo experimentamos una diferencia entre la actividad de pensar y el contenido de este pensamiento?<\/li>\n\n\n\n<li>\u00bfPor qu\u00e9 para la mayor\u00eda de nosotros la observaci\u00f3n de nuestro propio pensamiento durante el proceso de pensamiento es dif\u00edcil e incluso puede describirse como un \u201eestado excepcional\u201c?<\/li>\n<\/ul>\n\n\n\n<p>Tambi\u00e9n investigaremos la cuesti\u00f3n de c\u00f3mo podemos desarrollar la capacidad de no pensar nada, y practicaremos e investigaremos c\u00f3mo lograr un estado mental que no tiene contenido. Finalmente, tambi\u00e9n se explorar\u00e1 el fen\u00f3meno y los requisitos de una pregunta de investigaci\u00f3n l\u00edcita.<\/p>\n","protected":false},"excerpt":{"rendered":"<p>Desarrollo interior a traves del \u201cSprender Haciendo\u201d Facilitado by Inessa Burdich \u221e \u221e \u221e Investigaci\u00f3n en Ciencias Espirituales &#8211; siete temas del curso Tema #1 \u2013 La meditaci\u00f3n como camino de desarrollo espiritual y como m\u00e9todo para la investigaci\u00f3n de la ciencia espiritual. Tema #2 \u2013 El reino et\u00e9rico (fuerzas vitales) en los seres humanos [&hellip;]<\/p>\n","protected":false},"author":2,"featured_media":0,"parent":0,"menu_order":0,"comment_status":"closed","ping_status":"closed","template":"","meta":{"footnotes":""},"class_list":["post-624","page","type-page","status-publish","hentry"],"translation":{"provider":"WPGlobus","version":"3.0.2","language":"de","enabled_languages":["en","de"],"languages":{"en":{"title":true,"content":true,"excerpt":false},"de":{"title":false,"content":false,"excerpt":false}}},"yoast_head":"<!-- This site is optimized with the Yoast SEO plugin v27.5 - https:\/\/yoast.com\/product\/yoast-seo-wordpress\/ -->\n<title>Investigaci\u00f3n en Ciencias Espirituales - contenido del curso en espa\u00f1ol - Spiritual Science Research<\/title>\n<meta name=\"robots\" content=\"index, follow, max-snippet:-1, max-image-preview:large, max-video-preview:-1\" \/>\n<link rel=\"canonical\" href=\"https:\/\/spiritual-science-research.com\/sobre-el-curso\/\" \/>\n<meta property=\"og:locale\" content=\"de_DE\" \/>\n<meta property=\"og:type\" content=\"article\" \/>\n<meta property=\"og:title\" content=\"Investigaci\u00f3n en Ciencias Espirituales - contenido del curso en espa\u00f1ol - Spiritual Science Research\" \/>\n<meta property=\"og:url\" content=\"https:\/\/spiritual-science-research.com\/sobre-el-curso\/\" \/>\n<meta property=\"og:site_name\" content=\"Spiritual Science Research\" \/>\n<meta property=\"article:modified_time\" content=\"2026-03-15T11:07:07+00:00\" \/>\n<meta property=\"og:image\" content=\"https:\/\/spiritual-science-research.com\/wp-content\/uploads\/2024\/11\/Screenshot-2024-11-12-at-23.32.11.png\" \/>\n\t<meta property=\"og:image:width\" content=\"2156\" \/>\n\t<meta property=\"og:image:height\" content=\"1372\" \/>\n\t<meta property=\"og:image:type\" content=\"image\/png\" \/>\n<meta name=\"twitter:card\" content=\"summary_large_image\" \/>\n<meta name=\"twitter:label1\" content=\"Est. reading time\" \/>\n\t<meta name=\"twitter:data1\" content=\"12 minutes\" \/>\n<script type=\"application\/ld+json\" class=\"yoast-schema-graph\">{\"@context\":\"https:\\\/\\\/schema.org\",\"@graph\":[{\"@type\":\"WebPage\",\"@id\":\"https:\\\/\\\/spiritual-science-research.com\\\/sobre-el-curso\\\/\",\"url\":\"https:\\\/\\\/spiritual-science-research.com\\\/sobre-el-curso\\\/\",\"name\":\"Investigaci\u00f3n en Ciencias Espirituales - contenido del curso en espa\u00f1ol - Spiritual Science Research\",\"isPartOf\":{\"@id\":\"https:\\\/\\\/spiritual-science-research.com\\\/#website\"},\"primaryImageOfPage\":{\"@id\":\"https:\\\/\\\/spiritual-science-research.com\\\/sobre-el-curso\\\/#primaryimage\"},\"image\":{\"@id\":\"https:\\\/\\\/spiritual-science-research.com\\\/sobre-el-curso\\\/#primaryimage\"},\"thumbnailUrl\":\"https:\\\/\\\/spiritual-science-research.com\\\/wp-content\\\/uploads\\\/2024\\\/11\\\/Screenshot-2024-11-12-at-23.32.11-1024x652.png\",\"datePublished\":\"2023-02-19T09:57:59+00:00\",\"dateModified\":\"2026-03-15T11:07:07+00:00\",\"description\":\"% % Desarrollo interior a traves del \u201cSprender Haciendo\u201d Facilitado by Inessa Burdich Rudolf Steiner, 1924 \u221e \u221e \u221e Investigaci\u00f3n en Ciencias Espirituales - % %\",\"breadcrumb\":{\"@id\":\"https:\\\/\\\/spiritual-science-research.com\\\/sobre-el-curso\\\/#breadcrumb\"},\"inLanguage\":\"de-DE\",\"potentialAction\":[{\"@type\":\"ReadAction\",\"target\":[\"https:\\\/\\\/spiritual-science-research.com\\\/sobre-el-curso\\\/\"]}]},{\"@type\":\"ImageObject\",\"inLanguage\":\"de-DE\",\"@id\":\"https:\\\/\\\/spiritual-science-research.com\\\/sobre-el-curso\\\/#primaryimage\",\"url\":\"https:\\\/\\\/spiritual-science-research.com\\\/wp-content\\\/uploads\\\/2024\\\/11\\\/Screenshot-2024-11-12-at-23.32.11-1024x652.png\",\"contentUrl\":\"https:\\\/\\\/spiritual-science-research.com\\\/wp-content\\\/uploads\\\/2024\\\/11\\\/Screenshot-2024-11-12-at-23.32.11-1024x652.png\"},{\"@type\":\"BreadcrumbList\",\"@id\":\"https:\\\/\\\/spiritual-science-research.com\\\/sobre-el-curso\\\/#breadcrumb\",\"itemListElement\":[{\"@type\":\"ListItem\",\"position\":1,\"name\":\"Home\",\"item\":\"https:\\\/\\\/spiritual-science-research.com\\\/\"},{\"@type\":\"ListItem\",\"position\":2,\"name\":\"Investigaci\u00f3n en Ciencias Espirituales &#8211; contenido del curso en espa\u00f1ol\"}]},{\"@type\":\"WebSite\",\"@id\":\"https:\\\/\\\/spiritual-science-research.com\\\/#website\",\"url\":\"https:\\\/\\\/spiritual-science-research.com\\\/\",\"name\":\"Spiritual Science Research\",\"description\":\"Learning by doing\",\"publisher\":{\"@id\":\"https:\\\/\\\/spiritual-science-research.com\\\/#organization\"},\"potentialAction\":[{\"@type\":\"SearchAction\",\"target\":{\"@type\":\"EntryPoint\",\"urlTemplate\":\"https:\\\/\\\/spiritual-science-research.com\\\/?s={search_term_string}\"},\"query-input\":{\"@type\":\"PropertyValueSpecification\",\"valueRequired\":true,\"valueName\":\"search_term_string\"}}],\"inLanguage\":\"de-DE\"},{\"@type\":\"Organization\",\"@id\":\"https:\\\/\\\/spiritual-science-research.com\\\/#organization\",\"name\":\"Spiritual Science Research\",\"url\":\"https:\\\/\\\/spiritual-science-research.com\\\/\",\"logo\":{\"@type\":\"ImageObject\",\"inLanguage\":\"de-DE\",\"@id\":\"https:\\\/\\\/spiritual-science-research.com\\\/#\\\/schema\\\/logo\\\/image\\\/\",\"url\":\"https:\\\/\\\/spiritual-science-research.com\\\/wp-content\\\/uploads\\\/2023\\\/05\\\/Group-337.png\",\"contentUrl\":\"https:\\\/\\\/spiritual-science-research.com\\\/wp-content\\\/uploads\\\/2023\\\/05\\\/Group-337.png\",\"width\":400,\"height\":161,\"caption\":\"Spiritual Science Research\"},\"image\":{\"@id\":\"https:\\\/\\\/spiritual-science-research.com\\\/#\\\/schema\\\/logo\\\/image\\\/\"}}]}<\/script>\n<!-- \/ Yoast SEO plugin. -->","yoast_head_json":{"title":"Investigaci\u00f3n en Ciencias Espirituales - contenido del curso en espa\u00f1ol - Spiritual Science Research","robots":{"index":"index","follow":"follow","max-snippet":"max-snippet:-1","max-image-preview":"max-image-preview:large","max-video-preview":"max-video-preview:-1"},"canonical":"https:\/\/spiritual-science-research.com\/sobre-el-curso\/","og_locale":"de_DE","og_type":"article","og_title":"Investigaci\u00f3n en Ciencias Espirituales - contenido del curso en espa\u00f1ol - Spiritual Science Research","og_url":"https:\/\/spiritual-science-research.com\/sobre-el-curso\/","og_site_name":"Spiritual Science Research","article_modified_time":"2026-03-15T11:07:07+00:00","og_image":[{"width":2156,"height":1372,"url":"https:\/\/spiritual-science-research.com\/wp-content\/uploads\/2024\/11\/Screenshot-2024-11-12-at-23.32.11.png","type":"image\/png"}],"twitter_card":"summary_large_image","twitter_misc":{"Est. reading time":"12 minutes"},"schema":{"@context":"https:\/\/schema.org","@graph":[{"@type":"WebPage","@id":"https:\/\/spiritual-science-research.com\/sobre-el-curso\/","url":"https:\/\/spiritual-science-research.com\/sobre-el-curso\/","name":"Investigaci\u00f3n en Ciencias Espirituales - contenido del curso en espa\u00f1ol - Spiritual Science Research","isPartOf":{"@id":"https:\/\/spiritual-science-research.com\/#website"},"primaryImageOfPage":{"@id":"https:\/\/spiritual-science-research.com\/sobre-el-curso\/#primaryimage"},"image":{"@id":"https:\/\/spiritual-science-research.com\/sobre-el-curso\/#primaryimage"},"thumbnailUrl":"https:\/\/spiritual-science-research.com\/wp-content\/uploads\/2024\/11\/Screenshot-2024-11-12-at-23.32.11-1024x652.png","datePublished":"2023-02-19T09:57:59+00:00","dateModified":"2026-03-15T11:07:07+00:00","description":"% % Desarrollo interior a traves del \u201cSprender Haciendo\u201d Facilitado by Inessa Burdich Rudolf Steiner, 1924 \u221e \u221e \u221e Investigaci\u00f3n en Ciencias Espirituales - % %","breadcrumb":{"@id":"https:\/\/spiritual-science-research.com\/sobre-el-curso\/#breadcrumb"},"inLanguage":"de-DE","potentialAction":[{"@type":"ReadAction","target":["https:\/\/spiritual-science-research.com\/sobre-el-curso\/"]}]},{"@type":"ImageObject","inLanguage":"de-DE","@id":"https:\/\/spiritual-science-research.com\/sobre-el-curso\/#primaryimage","url":"https:\/\/spiritual-science-research.com\/wp-content\/uploads\/2024\/11\/Screenshot-2024-11-12-at-23.32.11-1024x652.png","contentUrl":"https:\/\/spiritual-science-research.com\/wp-content\/uploads\/2024\/11\/Screenshot-2024-11-12-at-23.32.11-1024x652.png"},{"@type":"BreadcrumbList","@id":"https:\/\/spiritual-science-research.com\/sobre-el-curso\/#breadcrumb","itemListElement":[{"@type":"ListItem","position":1,"name":"Home","item":"https:\/\/spiritual-science-research.com\/"},{"@type":"ListItem","position":2,"name":"Investigaci\u00f3n en Ciencias Espirituales &#8211; contenido del curso en espa\u00f1ol"}]},{"@type":"WebSite","@id":"https:\/\/spiritual-science-research.com\/#website","url":"https:\/\/spiritual-science-research.com\/","name":"Spiritual Science Research","description":"Learning by doing","publisher":{"@id":"https:\/\/spiritual-science-research.com\/#organization"},"potentialAction":[{"@type":"SearchAction","target":{"@type":"EntryPoint","urlTemplate":"https:\/\/spiritual-science-research.com\/?s={search_term_string}"},"query-input":{"@type":"PropertyValueSpecification","valueRequired":true,"valueName":"search_term_string"}}],"inLanguage":"de-DE"},{"@type":"Organization","@id":"https:\/\/spiritual-science-research.com\/#organization","name":"Spiritual Science Research","url":"https:\/\/spiritual-science-research.com\/","logo":{"@type":"ImageObject","inLanguage":"de-DE","@id":"https:\/\/spiritual-science-research.com\/#\/schema\/logo\/image\/","url":"https:\/\/spiritual-science-research.com\/wp-content\/uploads\/2023\/05\/Group-337.png","contentUrl":"https:\/\/spiritual-science-research.com\/wp-content\/uploads\/2023\/05\/Group-337.png","width":400,"height":161,"caption":"Spiritual Science Research"},"image":{"@id":"https:\/\/spiritual-science-research.com\/#\/schema\/logo\/image\/"}}]}},"_links":{"self":[{"href":"https:\/\/spiritual-science-research.com\/de\/wp-json\/wp\/v2\/pages\/624","targetHints":{"allow":["GET"]}}],"collection":[{"href":"https:\/\/spiritual-science-research.com\/de\/wp-json\/wp\/v2\/pages"}],"about":[{"href":"https:\/\/spiritual-science-research.com\/de\/wp-json\/wp\/v2\/types\/page"}],"author":[{"embeddable":true,"href":"https:\/\/spiritual-science-research.com\/de\/wp-json\/wp\/v2\/users\/2"}],"replies":[{"embeddable":true,"href":"https:\/\/spiritual-science-research.com\/de\/wp-json\/wp\/v2\/comments?post=624"}],"version-history":[{"count":22,"href":"https:\/\/spiritual-science-research.com\/de\/wp-json\/wp\/v2\/pages\/624\/revisions"}],"predecessor-version":[{"id":7873,"href":"https:\/\/spiritual-science-research.com\/de\/wp-json\/wp\/v2\/pages\/624\/revisions\/7873"}],"wp:attachment":[{"href":"https:\/\/spiritual-science-research.com\/de\/wp-json\/wp\/v2\/media?parent=624"}],"curies":[{"name":"wp","href":"https:\/\/api.w.org\/{rel}","templated":true}]}}