{"id":5042,"date":"2025-04-13T16:02:49","date_gmt":"2025-04-13T16:02:49","guid":{"rendered":"https:\/\/spiritual-science-research.com\/?page_id=5042"},"modified":"2025-04-14T19:59:29","modified_gmt":"2025-04-14T19:59:29","slug":"stuttgart","status":"publish","type":"page","link":"https:\/\/spiritual-science-research.com\/de\/stuttgart\/","title":{"rendered":"Meditieren in Gemeinschaft?"},"content":{"rendered":"\n<h3 class=\"wp-block-heading\"><\/h3>\n\n\n\n<p><strong>Ein Fachkolloquium in Stuttgart<\/strong>, 23. bis 25. Mai 2025<\/p>\n\n\n\n<p><\/p>\n\n\n\n<figure class=\"wp-block-image size-large\"><img loading=\"lazy\" decoding=\"async\" width=\"1024\" height=\"683\" src=\"https:\/\/spiritual-science-research.com\/wp-content\/uploads\/2025\/04\/Screenshot-2025-04-13-at-23.56.41-edited-1024x683.png\" alt=\"\" class=\"wp-image-5056\" srcset=\"https:\/\/spiritual-science-research.com\/wp-content\/uploads\/2025\/04\/Screenshot-2025-04-13-at-23.56.41-edited-1024x683.png 1024w, https:\/\/spiritual-science-research.com\/wp-content\/uploads\/2025\/04\/Screenshot-2025-04-13-at-23.56.41-edited-300x200.png 300w, https:\/\/spiritual-science-research.com\/wp-content\/uploads\/2025\/04\/Screenshot-2025-04-13-at-23.56.41-edited-768x512.png 768w, https:\/\/spiritual-science-research.com\/wp-content\/uploads\/2025\/04\/Screenshot-2025-04-13-at-23.56.41-edited-1536x1025.png 1536w, https:\/\/spiritual-science-research.com\/wp-content\/uploads\/2025\/04\/Screenshot-2025-04-13-at-23.56.41-edited.png 1583w\" sizes=\"auto, (max-width: 1024px) 100vw, 1024px\" \/><figcaption class=\"wp-element-caption\">Rudolf Steiner Haus Stuttgart<\/figcaption><\/figure>\n\n\n\n<h3 class=\"wp-block-heading\"><\/h3>\n\n\n\n<p><\/p>\n\n\n\n<p>In den letzten Jahrzehnten ist der Austausch \u00fcber spirituelle Erfahrungen immer selbstverst\u00e4ndlicher geworden. Ein solcher Austausch kann vom gemeinsamen Sprechen auch in ein gemeinsames \u00dcben \u00fcbergehen, oder sogar von vorneherein auf ein Meditieren in Gemeinschaft angelegt sein. In dieser Fachtagung wollen wir in einen Erfahrungsaustausch \u00fcber solche M\u00f6glichkeiten gemeinsamen \u00dcbens eintreten.<\/p>\n\n\n\n<ul class=\"wp-block-list\">\n<li>Was wird m\u00f6glich, wenn ich in Gemeinsamkeit und was, wenn ich allein \u00fcbe?<\/li>\n\n\n\n<li>Welche Arten gemeinsamen \u00dcbens werden gepflegt?<\/li>\n\n\n\n<li>Wie leitet man solche \u00dcbungen an?<\/li>\n\n\n\n<li>Welchen Einfluss hat die Gr\u00f6\u00dfe einer Meditationsgruppe?<\/li>\n\n\n\n<li>Welche geistigen Umgebungen werden aufgerufen, welche erfahrbar?<\/li>\n\n\n\n<li>Was hat sich bew\u00e4hrt, was sollte man besser vermeiden?<\/li>\n<\/ul>\n\n\n\n<p>Dies sind einige der Fragen, die wir in der Vorbereitung anf\u00e4nglich bewegt haben. Dem Austausch wollen wir als Grundlage jeweils gemeinsam vollzogene \u00dcbungen \u2013 angeleitet durch verschiedene \u00dcbungsanleiter mit unterschiedlichem Stil \u2013 vorausschicken, um m\u00f6glichst konkret die sich auf diesem Felde stellenden Fragen zu behandeln.<\/p>\n\n\n\n<p>Mit unserem Fachkolloquium wenden wir uns an alle, die mit \u00e4hnlichen Fragen leben. Wir wenden uns also sowohl an Menschen, die \u00dcbungen anleiten als auch an solche, die diese Themen kennen lernen wollen. Wir freuen uns auf einen offenen Austausch und die Bereitschaft, aneinander und miteinander zu lernen. Im Anhang ein \u00dcberblick \u00fcber den geplanten Ablauf des Kolloquiums.<\/p>\n\n\n\n<p>@ Rudolf Steiner Haus Stuttgart, 23. bis 25. Mai 2025<\/p>\n\n\n\n<p>\u221e \u221e \u221e<\/p>\n\n\n\n<p><em>Ihre Teilnahme haben zugesagt:<\/em><\/p>\n\n\n\n<p><a><\/a><em>Laszlo B\u00f6sz\u00f6rmenyi, Matthias B\u00f6lts, Markus Buchmann, Inessa Burdich, Gilad Goldshmidt, Agnes Hardop, Andreas Heertsch, Christoph Hueck, Gunhild von Kries, Thomas Mayer, Wolfgang Tomaschitz, Bart Vanmechelen und Ulrike Wendt<\/em><\/p>\n\n\n\n<p><strong>Anmeldung<\/strong>&nbsp;unter:&nbsp;<a href=\"mailto:IAM@anthro\" target=\"_blank\" rel=\"noreferrer noopener\">IAM@anthro<\/a>posophie.online&nbsp;<strong>bis 30.4.25<\/strong><\/p>\n\n\n\n<p>Kostenbeitrag: 95\u20ac, Erm\u00e4\u00dfigung auf Anfrage 75\u20ac, G\u00f6nnerbeitrag 125\u20ac &#8211; zus\u00e4tzlich 30\u20ac Verpflegung<br>Programm in der Anlage.<\/p>\n\n\n\n<p><\/p>\n\n\n\n<p><strong><em>Initiative Anthroposophische Meditation (IAM)<\/em><\/strong><\/p>\n\n\n\n<p><em>Matthias B\u00f6lts, Markus Buchmann, Inessa Burdich, Gilad Goldshmidt, Andreas Heertsch, Rolf Heine, Clarine van Lookeren Campagne, Andreas Neider, Claus-Peter R\u00f6h, Wolfgang Tomaschitz, Bart Vanmechelen, Ulrike Wendt<\/em>&#8212;<br>Initiatve Anthroposophical Meditation<br>Goetheanum<br>CH 4143 Dornach<\/p>\n\n\n\n<p>\u221e \u221e \u221e<\/p>\n\n\n\n<figure class=\"wp-block-image size-large\"><img loading=\"lazy\" decoding=\"async\" width=\"1024\" height=\"500\" src=\"https:\/\/spiritual-science-research.com\/wp-content\/uploads\/2025\/04\/Screenshot-2025-04-14-at-21.58.35-1024x500.png\" alt=\"\" class=\"wp-image-5091\" srcset=\"https:\/\/spiritual-science-research.com\/wp-content\/uploads\/2025\/04\/Screenshot-2025-04-14-at-21.58.35-1024x500.png 1024w, https:\/\/spiritual-science-research.com\/wp-content\/uploads\/2025\/04\/Screenshot-2025-04-14-at-21.58.35-300x147.png 300w, https:\/\/spiritual-science-research.com\/wp-content\/uploads\/2025\/04\/Screenshot-2025-04-14-at-21.58.35-768x375.png 768w, https:\/\/spiritual-science-research.com\/wp-content\/uploads\/2025\/04\/Screenshot-2025-04-14-at-21.58.35-1536x750.png 1536w, https:\/\/spiritual-science-research.com\/wp-content\/uploads\/2025\/04\/Screenshot-2025-04-14-at-21.58.35-2048x1000.png 2048w\" sizes=\"auto, (max-width: 1024px) 100vw, 1024px\" \/><\/figure>\n","protected":false},"excerpt":{"rendered":"<p>Ein Fachkolloquium in Stuttgart, 23. bis 25. Mai 2025 In den letzten Jahrzehnten ist der Austausch \u00fcber spirituelle Erfahrungen immer selbstverst\u00e4ndlicher geworden. Ein solcher Austausch kann vom gemeinsamen Sprechen auch in ein gemeinsames \u00dcben \u00fcbergehen, oder sogar von vorneherein auf ein Meditieren in Gemeinschaft angelegt sein. In dieser Fachtagung wollen wir in einen Erfahrungsaustausch \u00fcber [&hellip;]<\/p>\n","protected":false},"author":2,"featured_media":0,"parent":0,"menu_order":0,"comment_status":"closed","ping_status":"closed","template":"","meta":{"footnotes":""},"class_list":["post-5042","page","type-page","status-publish","hentry"],"translation":{"provider":"WPGlobus","version":"3.0.2","language":"de","enabled_languages":["en","de"],"languages":{"en":{"title":true,"content":true,"excerpt":false},"de":{"title":false,"content":false,"excerpt":false}}},"yoast_head":"<!-- This site is optimized with the Yoast SEO plugin v27.5 - https:\/\/yoast.com\/product\/yoast-seo-wordpress\/ -->\n<title>Meditieren in Gemeinschaft? - Spiritual Science Research<\/title>\n<meta name=\"robots\" content=\"index, follow, max-snippet:-1, max-image-preview:large, max-video-preview:-1\" \/>\n<link rel=\"canonical\" href=\"https:\/\/spiritual-science-research.com\/stuttgart\/\" \/>\n<meta property=\"og:locale\" content=\"de_DE\" \/>\n<meta property=\"og:type\" content=\"article\" \/>\n<meta property=\"og:title\" content=\"Meditieren in Gemeinschaft? - Spiritual Science Research\" \/>\n<meta property=\"og:url\" content=\"https:\/\/spiritual-science-research.com\/stuttgart\/\" \/>\n<meta property=\"og:site_name\" content=\"Spiritual Science Research\" \/>\n<meta property=\"article:modified_time\" content=\"2025-04-14T19:59:29+00:00\" \/>\n<meta property=\"og:image\" content=\"https:\/\/spiritual-science-research.com\/wp-content\/uploads\/2025\/04\/Screenshot-2025-04-13-at-23.56.41-edited-1024x683.png\" \/>\n<meta name=\"twitter:card\" content=\"summary_large_image\" \/>\n<meta name=\"twitter:label1\" content=\"Est. reading time\" \/>\n\t<meta name=\"twitter:data1\" content=\"2 minutes\" \/>\n<script type=\"application\/ld+json\" class=\"yoast-schema-graph\">{\"@context\":\"https:\\\/\\\/schema.org\",\"@graph\":[{\"@type\":\"WebPage\",\"@id\":\"https:\\\/\\\/spiritual-science-research.com\\\/stuttgart\\\/\",\"url\":\"https:\\\/\\\/spiritual-science-research.com\\\/stuttgart\\\/\",\"name\":\"Meditieren in Gemeinschaft? - Spiritual Science Research\",\"isPartOf\":{\"@id\":\"https:\\\/\\\/spiritual-science-research.com\\\/#website\"},\"primaryImageOfPage\":{\"@id\":\"https:\\\/\\\/spiritual-science-research.com\\\/stuttgart\\\/#primaryimage\"},\"image\":{\"@id\":\"https:\\\/\\\/spiritual-science-research.com\\\/stuttgart\\\/#primaryimage\"},\"thumbnailUrl\":\"https:\\\/\\\/spiritual-science-research.com\\\/wp-content\\\/uploads\\\/2025\\\/04\\\/Screenshot-2025-04-13-at-23.56.41-edited-1024x683.png\",\"datePublished\":\"2025-04-13T16:02:49+00:00\",\"dateModified\":\"2025-04-14T19:59:29+00:00\",\"description\":\"% % Ein Fachkolloquium in Stuttgart, 23. bis 25. Mai 2025 Rudolf Steiner Haus Stuttgart In den letzten Jahrzehnten ist der Austausch \u00fcber spirituelle % %\",\"breadcrumb\":{\"@id\":\"https:\\\/\\\/spiritual-science-research.com\\\/stuttgart\\\/#breadcrumb\"},\"inLanguage\":\"de-DE\",\"potentialAction\":[{\"@type\":\"ReadAction\",\"target\":[\"https:\\\/\\\/spiritual-science-research.com\\\/stuttgart\\\/\"]}]},{\"@type\":\"ImageObject\",\"inLanguage\":\"de-DE\",\"@id\":\"https:\\\/\\\/spiritual-science-research.com\\\/stuttgart\\\/#primaryimage\",\"url\":\"https:\\\/\\\/spiritual-science-research.com\\\/wp-content\\\/uploads\\\/2025\\\/04\\\/Screenshot-2025-04-13-at-23.56.41-edited-1024x683.png\",\"contentUrl\":\"https:\\\/\\\/spiritual-science-research.com\\\/wp-content\\\/uploads\\\/2025\\\/04\\\/Screenshot-2025-04-13-at-23.56.41-edited-1024x683.png\"},{\"@type\":\"BreadcrumbList\",\"@id\":\"https:\\\/\\\/spiritual-science-research.com\\\/stuttgart\\\/#breadcrumb\",\"itemListElement\":[{\"@type\":\"ListItem\",\"position\":1,\"name\":\"Home\",\"item\":\"https:\\\/\\\/spiritual-science-research.com\\\/\"},{\"@type\":\"ListItem\",\"position\":2,\"name\":\"Meditieren in Gemeinschaft?\"}]},{\"@type\":\"WebSite\",\"@id\":\"https:\\\/\\\/spiritual-science-research.com\\\/#website\",\"url\":\"https:\\\/\\\/spiritual-science-research.com\\\/\",\"name\":\"Spiritual Science Research\",\"description\":\"Learning by doing\",\"publisher\":{\"@id\":\"https:\\\/\\\/spiritual-science-research.com\\\/#organization\"},\"potentialAction\":[{\"@type\":\"SearchAction\",\"target\":{\"@type\":\"EntryPoint\",\"urlTemplate\":\"https:\\\/\\\/spiritual-science-research.com\\\/?s={search_term_string}\"},\"query-input\":{\"@type\":\"PropertyValueSpecification\",\"valueRequired\":true,\"valueName\":\"search_term_string\"}}],\"inLanguage\":\"de-DE\"},{\"@type\":\"Organization\",\"@id\":\"https:\\\/\\\/spiritual-science-research.com\\\/#organization\",\"name\":\"Spiritual Science Research\",\"url\":\"https:\\\/\\\/spiritual-science-research.com\\\/\",\"logo\":{\"@type\":\"ImageObject\",\"inLanguage\":\"de-DE\",\"@id\":\"https:\\\/\\\/spiritual-science-research.com\\\/#\\\/schema\\\/logo\\\/image\\\/\",\"url\":\"https:\\\/\\\/spiritual-science-research.com\\\/wp-content\\\/uploads\\\/2023\\\/05\\\/Group-337.png\",\"contentUrl\":\"https:\\\/\\\/spiritual-science-research.com\\\/wp-content\\\/uploads\\\/2023\\\/05\\\/Group-337.png\",\"width\":400,\"height\":161,\"caption\":\"Spiritual Science Research\"},\"image\":{\"@id\":\"https:\\\/\\\/spiritual-science-research.com\\\/#\\\/schema\\\/logo\\\/image\\\/\"}}]}<\/script>\n<!-- \/ Yoast SEO plugin. -->","yoast_head_json":{"title":"Meditieren in Gemeinschaft? - Spiritual Science Research","robots":{"index":"index","follow":"follow","max-snippet":"max-snippet:-1","max-image-preview":"max-image-preview:large","max-video-preview":"max-video-preview:-1"},"canonical":"https:\/\/spiritual-science-research.com\/stuttgart\/","og_locale":"de_DE","og_type":"article","og_title":"Meditieren in Gemeinschaft? - Spiritual Science Research","og_url":"https:\/\/spiritual-science-research.com\/stuttgart\/","og_site_name":"Spiritual Science Research","article_modified_time":"2025-04-14T19:59:29+00:00","og_image":[{"url":"https:\/\/spiritual-science-research.com\/wp-content\/uploads\/2025\/04\/Screenshot-2025-04-13-at-23.56.41-edited-1024x683.png","type":"","width":"","height":""}],"twitter_card":"summary_large_image","twitter_misc":{"Est. reading time":"2 minutes"},"schema":{"@context":"https:\/\/schema.org","@graph":[{"@type":"WebPage","@id":"https:\/\/spiritual-science-research.com\/stuttgart\/","url":"https:\/\/spiritual-science-research.com\/stuttgart\/","name":"Meditieren in Gemeinschaft? - Spiritual Science Research","isPartOf":{"@id":"https:\/\/spiritual-science-research.com\/#website"},"primaryImageOfPage":{"@id":"https:\/\/spiritual-science-research.com\/stuttgart\/#primaryimage"},"image":{"@id":"https:\/\/spiritual-science-research.com\/stuttgart\/#primaryimage"},"thumbnailUrl":"https:\/\/spiritual-science-research.com\/wp-content\/uploads\/2025\/04\/Screenshot-2025-04-13-at-23.56.41-edited-1024x683.png","datePublished":"2025-04-13T16:02:49+00:00","dateModified":"2025-04-14T19:59:29+00:00","description":"% % Ein Fachkolloquium in Stuttgart, 23. bis 25. Mai 2025 Rudolf Steiner Haus Stuttgart In den letzten Jahrzehnten ist der Austausch \u00fcber spirituelle % %","breadcrumb":{"@id":"https:\/\/spiritual-science-research.com\/stuttgart\/#breadcrumb"},"inLanguage":"de-DE","potentialAction":[{"@type":"ReadAction","target":["https:\/\/spiritual-science-research.com\/stuttgart\/"]}]},{"@type":"ImageObject","inLanguage":"de-DE","@id":"https:\/\/spiritual-science-research.com\/stuttgart\/#primaryimage","url":"https:\/\/spiritual-science-research.com\/wp-content\/uploads\/2025\/04\/Screenshot-2025-04-13-at-23.56.41-edited-1024x683.png","contentUrl":"https:\/\/spiritual-science-research.com\/wp-content\/uploads\/2025\/04\/Screenshot-2025-04-13-at-23.56.41-edited-1024x683.png"},{"@type":"BreadcrumbList","@id":"https:\/\/spiritual-science-research.com\/stuttgart\/#breadcrumb","itemListElement":[{"@type":"ListItem","position":1,"name":"Home","item":"https:\/\/spiritual-science-research.com\/"},{"@type":"ListItem","position":2,"name":"Meditieren in Gemeinschaft?"}]},{"@type":"WebSite","@id":"https:\/\/spiritual-science-research.com\/#website","url":"https:\/\/spiritual-science-research.com\/","name":"Spiritual Science Research","description":"Learning by doing","publisher":{"@id":"https:\/\/spiritual-science-research.com\/#organization"},"potentialAction":[{"@type":"SearchAction","target":{"@type":"EntryPoint","urlTemplate":"https:\/\/spiritual-science-research.com\/?s={search_term_string}"},"query-input":{"@type":"PropertyValueSpecification","valueRequired":true,"valueName":"search_term_string"}}],"inLanguage":"de-DE"},{"@type":"Organization","@id":"https:\/\/spiritual-science-research.com\/#organization","name":"Spiritual Science Research","url":"https:\/\/spiritual-science-research.com\/","logo":{"@type":"ImageObject","inLanguage":"de-DE","@id":"https:\/\/spiritual-science-research.com\/#\/schema\/logo\/image\/","url":"https:\/\/spiritual-science-research.com\/wp-content\/uploads\/2023\/05\/Group-337.png","contentUrl":"https:\/\/spiritual-science-research.com\/wp-content\/uploads\/2023\/05\/Group-337.png","width":400,"height":161,"caption":"Spiritual Science Research"},"image":{"@id":"https:\/\/spiritual-science-research.com\/#\/schema\/logo\/image\/"}}]}},"_links":{"self":[{"href":"https:\/\/spiritual-science-research.com\/de\/wp-json\/wp\/v2\/pages\/5042","targetHints":{"allow":["GET"]}}],"collection":[{"href":"https:\/\/spiritual-science-research.com\/de\/wp-json\/wp\/v2\/pages"}],"about":[{"href":"https:\/\/spiritual-science-research.com\/de\/wp-json\/wp\/v2\/types\/page"}],"author":[{"embeddable":true,"href":"https:\/\/spiritual-science-research.com\/de\/wp-json\/wp\/v2\/users\/2"}],"replies":[{"embeddable":true,"href":"https:\/\/spiritual-science-research.com\/de\/wp-json\/wp\/v2\/comments?post=5042"}],"version-history":[{"count":7,"href":"https:\/\/spiritual-science-research.com\/de\/wp-json\/wp\/v2\/pages\/5042\/revisions"}],"predecessor-version":[{"id":5092,"href":"https:\/\/spiritual-science-research.com\/de\/wp-json\/wp\/v2\/pages\/5042\/revisions\/5092"}],"wp:attachment":[{"href":"https:\/\/spiritual-science-research.com\/de\/wp-json\/wp\/v2\/media?parent=5042"}],"curies":[{"name":"wp","href":"https:\/\/api.w.org\/{rel}","templated":true}]}}