{"id":3653,"date":"2024-05-17T15:19:53","date_gmt":"2024-05-17T15:19:53","guid":{"rendered":"https:\/\/spiritual-science-research.com\/?page_id=3653"},"modified":"2026-02-07T15:27:46","modified_gmt":"2026-02-07T15:27:46","slug":"course-content-in-portuguese","status":"publish","type":"page","link":"https:\/\/spiritual-science-research.com\/de\/course-content-in-portuguese\/","title":{"rendered":"Investiga\u00e7\u00e3o em Ci\u00eancia Espiritual &#8211; conte\u00fado do curso"},"content":{"rendered":"\n<p><\/p>\n\n\n\n<p>Uma jornada espiritual de desenvolvimento interior a partir do m\u00e9todo \u201cAprender fazendo\u201d. Facilitado por Inessa Burdich<\/p>\n\n\n\n<figure class=\"wp-block-image size-large\"><img loading=\"lazy\" decoding=\"async\" width=\"1024\" height=\"690\" src=\"https:\/\/spiritual-science-research.com\/wp-content\/uploads\/2024\/05\/Screenshot-2024-05-17-at-21.53.54-1024x690.png\" alt=\"\" class=\"wp-image-3664\" srcset=\"https:\/\/spiritual-science-research.com\/wp-content\/uploads\/2024\/05\/Screenshot-2024-05-17-at-21.53.54-1024x690.png 1024w, https:\/\/spiritual-science-research.com\/wp-content\/uploads\/2024\/05\/Screenshot-2024-05-17-at-21.53.54-300x202.png 300w, https:\/\/spiritual-science-research.com\/wp-content\/uploads\/2024\/05\/Screenshot-2024-05-17-at-21.53.54-768x518.png 768w, https:\/\/spiritual-science-research.com\/wp-content\/uploads\/2024\/05\/Screenshot-2024-05-17-at-21.53.54-1536x1035.png 1536w, https:\/\/spiritual-science-research.com\/wp-content\/uploads\/2024\/05\/Screenshot-2024-05-17-at-21.53.54-2048x1380.png 2048w\" sizes=\"auto, (max-width: 1024px) 100vw, 1024px\" \/><figcaption class=\"wp-element-caption\">Rudolf Steiner, 1921<\/figcaption><\/figure>\n\n\n\n<p>\u221e \u221e \u221e<\/p>\n\n\n\n<blockquote class=\"wp-block-quote is-layout-flow wp-block-quote-is-layout-flow\">\n<p class=\"has-vivid-cyan-blue-color has-text-color has-link-color wp-elements-61af8e3d2e645032e90aecc034d08b92\"><strong>Investiga\u00e7\u00e3o em Ci\u00eancia Espiritual &#8211; sete temas:<\/strong><\/p>\n\n\n\n<p><a href=\"#Tema #1\">Tema #1: A medita\u00e7\u00e3o como caminho de desenvolvimento espiritual e como m\u00e9todo para a investiga\u00e7\u00e3o em Ci\u00eancia Espiritual<\/a>.<\/p>\n\n\n\n<p><a href=\"#Tema #2\">Tema #2: O mundo et\u00e9rico (for\u00e7as vitais) no ser humano e na natureza<\/a>.<\/p>\n\n\n\n<p><a href=\"#Tema #3\">Tema #3: O mundo Astral (for\u00e7as an\u00edmicas) no ser humano e na natureza<\/a>.<\/p>\n\n\n\n<p><a href=\"#Tema #4\">Tema #4: Dimens\u00f5es do sentido do Eu (Eu-manifesta\u00e7\u00e3o) e a sua rela\u00e7\u00e3o com a hipersensibilidade.<\/a><\/p>\n\n\n\n<p><a href=\"#Tema #5\">Tema #5: As partes espirituais da constitui\u00e7\u00e3o humana: Eu Espiritual, Esp\u00edrito de Vida, Homem-Esp\u00edrito.<\/a><\/p>\n\n\n\n<p><a href=\"#Tema #6\">Tema #6: As partes da alma na constitui\u00e7\u00e3o humana.<\/a><\/p>\n\n\n\n<p><a href=\"#Tema #7\">Tema # 7: Mecanismos da mente e a Consci\u00eancia Vazia.<\/a><\/p>\n<\/blockquote>\n\n\n\n<p>\u221e \u221e \u221e<\/p>\n\n\n\n<p>Temos o prazer de apresentar um curso de Auto-desenvolvimento, acima de tudo experiencial, baseado nos ensinamentos de Rudolf Steiner que dedicou uma parte significativa da sua obra ao desenvolvimento espiritual individual atrav\u00e9s de exerc\u00edcios de medita\u00e7\u00e3o. Todo o paradigma da Ci\u00eancia Espiritual de Rudolf Steiner ou Antroposofia n\u00e3o \u00e9 apenas uma revela\u00e7\u00e3o de percep\u00e7\u00f5es espirituais, mas tamb\u00e9m um apelo para que embarquemos num caminho pessoal de Desenvolvimento Interior, um pr\u00e9-requisito vital para o cumprimento da nossa miss\u00e3o na Terra.<\/p>\n\n\n\n<p>\u221e \u221e \u221e<\/p>\n\n\n\n<p>O curso de Investiga\u00e7\u00e3o em Ci\u00eancia Espiritual \u00e9 um curso de forma\u00e7\u00e3o pr\u00e1tica que se centra sobretudo na Medita\u00e7\u00e3o Antropos\u00f3fica e na Investiga\u00e7\u00e3o em Ci\u00eancia Espiritual. Nos \u00faltimos seis anos, mais de 300 participantes frequentaram o curso, sendo atualmente ministrado em seis l\u00ednguas.<\/p>\n\n\n\n<p>O nosso estudo concentra-se principalmente na pesquisa sobre n\u00f3s mesmos, enquanto seres humanos, e da nossa constitui\u00e7\u00e3o supra-sens\u00edvel. Estes s\u00e3o os primeiros passos do diagn\u00f3stico espiritual, onde aprendemos e aprofundamos o nosso conhecimento dos aspectos fundamentais da nossa alma interior e da nossa vida espiritual. Assim, podemos cada vez mais nos aproximar da compreens\u00e3o de como alcan\u00e7ar um n\u00edvel mais elevado de consci\u00eancia da nossa vida interior.<\/p>\n\n\n\n<p>O caminho de auto-desenvolvimento baseado na Ci\u00eancia Espiritual apresentado neste curso ir\u00e1 focar-se no fortalecimento do seu \u201cEU\u201d (do seu sentido do Eu) como fundamento de todo o trabalho espiritual. Trazemos consci\u00eancia a todo o nosso sistema individual e em especial, na purifica\u00e7\u00e3o e no refinamento de pensamentos e sentimentos, alcan\u00e7ando uma aten\u00e7\u00e3o subtil e o fortalecimento da vontade. Desenvolvemos novas capacidades; aprendemos compet\u00eancias valiosas que depois transmitimos nos nossos campos pessoais e profissionais. Estas capacidades levam a novos insights e inova\u00e7\u00f5es que podemos levar para a diferentes \u00e1reas da vida e todas as disciplinas podem ser beneficiadas. Inessa Burdich pratica medita\u00e7\u00e3o h\u00e1 mais de 30 anos e utilizando as suas capacidades perceptivas supra-sens\u00edveis &#8211; adquiridas atrav\u00e9s de trabalho meditativo e continuamente aperfei\u00e7oadas a partir do seu trabalho com muitos clientes \u2013 ir\u00e1 gui\u00e1-lo, a partir de uma abordagem pr\u00e1tica, ao Trabalho Interior.<\/p>\n\n\n\n<p>\u221e \u221e \u221e<\/p>\n\n\n\n<p><strong>Porqu\u00ea trilhar um caminho espiritual?<\/strong><\/p>\n\n\n\n<p>O curso oferece uma vis\u00e3o geral dos fundamentos da Ci\u00eancia Espiritual Antropos\u00f3fica, que pode ser experienciada como algo que nutre a vida interior, apoia a criatividade e ajuda os participantes atuarem no mundo para o seu verdadeiro progresso e desenvolvimento.<\/p>\n\n\n\n<p>Tomamos consci\u00eancia de todo o nosso sistema individual, sobretudo na purifica\u00e7\u00e3o e no refinamento de pensamentos e sentimentos, na obten\u00e7\u00e3o de uma aten\u00e7\u00e3o subtil e o fortalecimento da vontade. Desenvolvemos novas capacidades; aprendemos compet\u00eancias valiosas que depois transmitimos nos nossos dom\u00ednios pessoais e profissionais. Estas capacidades conduzem a novos conhecimentos e inova\u00e7\u00f5es que podemos levar para a diferentes \u00e1reas da vida e todas as disciplinas podem ser beneficiadas.<\/p>\n\n\n\n<p>\u221e \u221e \u221e<\/p>\n\n\n\n<p>Os principais objectivos do curso s\u00e3o:<\/p>\n\n\n\n<ul class=\"wp-block-list\">\n<li>Aprender e aprofundar os aspectos fundamentais da Antroposofia \/ Ci\u00eancia Espiritual, os seus conhecimentos e m\u00e9todos.<\/li>\n\n\n\n<li>Aprender a atingir um n\u00edvel mais elevado de consci\u00eancia e dom\u00ednio da nossa alma interior &#8211; vida espiritual.<\/li>\n\n\n\n<li>Fomentar o desenvolvimento moral e enriquecer a vida da alma com base numa compreens\u00e3o central dos Mundos Superiores (espirituais) e da rela\u00e7\u00e3o do homem com os Mundos Superiores.<\/li>\n\n\n\n<li>Aprender a dar um contributo supra-sens\u00edvel positivo e solid\u00e1rio para o desenvolvimento espiritual e moral do mundo.<\/li>\n\n\n\n<li>Aprender a como conduzir uma pesquisa experiencial efectiva e leg\u00edtima nos mundos supra-sens\u00edveis.<\/li>\n<\/ul>\n\n\n\n<p>\u221e \u221e \u221e<\/p>\n\n\n\n<p><strong>Como funciona o curso de Investiga\u00e7\u00e3o em Ci\u00eancia Espiritual?<\/strong><\/p>\n\n\n\n<p>O curso de Investiga\u00e7\u00e3o em Ci\u00eancia Espiritual \u00e9 um curso de cariz pr\u00e1tico que incide principalmente na Medita\u00e7\u00e3o Antropos\u00f3fica e na Investiga\u00e7\u00e3o Espiritual.<\/p>\n\n\n\n<p>O nosso estudo centra-se sobretudo na investiga\u00e7\u00e3o de n\u00f3s pr\u00f3prios e da nossa constitui\u00e7\u00e3o supra-sens\u00edvel. Este \u00e9 o primeiro passo no diagn\u00f3stico espiritual, atrav\u00e9s do qual aprendemos a aprofundar a nossa compreens\u00e3o dos aspectos fundamentais da nossa alma interior e da nossa vida espiritual. Em cada sess\u00e3o, faremos exerc\u00edcios meditativos, aprofundados pelo estudo das atitudes de pesquisa mais influentes e pela compreens\u00e3o de como alcan\u00e7ar um n\u00edvel mais elevado de consci\u00eancia da nossa vida interior.<\/p>\n\n\n\n<p>O curso tem por base o estudo meditativo colaborativo e a pesquisa. Seremos guiados a partir de diferentes quest\u00f5es, tais como:<\/p>\n\n\n\n<ul class=\"wp-block-list\">\n<li>Como \u00e9 que eu posso come\u00e7ar a fazer investiga\u00e7\u00e3o espiritual?<\/li>\n\n\n\n<li>Quais s\u00e3o os m\u00e9todos de pesquisa espiritualmente leg\u00edtimos utilizados na Ci\u00eancia Espiritual?<\/li>\n\n\n\n<li>Qual \u00e9 a rela\u00e7\u00e3o entre a investiga\u00e7\u00e3o e a medita\u00e7\u00e3o?<\/li>\n\n\n\n<li>Como \u00e9 poss\u00edvel tornar uma experi\u00eancia meditativa subjetiva em objetiva?<\/li>\n<\/ul>\n\n\n\n<p>\u221e \u221e \u221e<\/p>\n\n\n\n<p><strong>Qual \u00e9 o conte\u00fado do curso de Investiga\u00e7\u00e3o em Ci\u00eancia Espiritual?<\/strong><\/p>\n\n\n\n<p>O curso de Investiga\u00e7\u00e3o em Ci\u00eancia Esp\u00edritual \u00e9 composto por sete temas e cada tema contempla uma palestra e workshops pr\u00e1ticos, tematicamente relacionados entre si. Em cada encontro, mergulhamos no mundo das ideias, princ\u00edpios e fen\u00f3menos supra-sens\u00edveis previamente apresentados nas palestras.<\/p>\n\n\n\n<p>Estes temas s\u00e3o aprofundados com pr\u00e1ticas, onde realizamos medita\u00e7\u00f5es antropos\u00f3ficas, exerc\u00edcios de pesquisa e perce\u00e7\u00e3o.<\/p>\n\n\n\n<p>O curso \u00e9 geralmente facilitado durante sete fins-de-semana \u2013 nas modalidades: presencial ou online. Os temas dos cursos s\u00e3o complementares, no entanto podem ser frequentados individualmente por serem aut\u00f3nomos.<\/p>\n\n\n\n<p>Por favor, note: Todas as palestras e as pr\u00e1ticas t\u00eam por base as nossas pr\u00f3prias observa\u00e7\u00f5es supra-sens\u00edveis e as de muitos indiv\u00edduos ao longo dos anos.&nbsp;<\/p>\n\n\n\n<p>Os temas do curso s\u00e3o os seguintes: <\/p>\n\n\n\n<h6 id=\"Tema #1\">Tema #1<\/h6>\n\n\n\n<p><strong>PALESTRA &#8211; A medita\u00e7\u00e3o como caminho de desenvolvimento espiritual e como m\u00e9todo de investiga\u00e7\u00e3o<\/strong><\/p>\n\n\n\n<p>A medita\u00e7\u00e3o tornou-se recentemente um tema cada vez mais popular, mas \u00e9 descrita e aplicada de muitas formas diferentes. Ent\u00e3o, o que \u00e9 que ela \u00e9? Nesta palestra, vamos explorar a medita\u00e7\u00e3o como uma forma de nutrir e treinar a nossa alma, tal como a alimenta\u00e7\u00e3o e o exerc\u00edcio f\u00edsico fazem parte das nossas necessidades di\u00e1rias.<\/p>\n\n\n\n<p>Para al\u00e9m disso, aprender\u00e1 que a medita\u00e7\u00e3o tamb\u00e9m pode ser usada como ferramenta de pesquisa espiritual em diversas \u00e1reas.<\/p>\n\n\n\n<p>Concentrar a aten\u00e7\u00e3o numa quest\u00e3o interna central \u00e9 o primeiro aspecto da investiga\u00e7\u00e3o e criar um espa\u00e7o interior claro e livre de conte\u00fado \u00e9 o requisito crucial para isso. Alcan\u00e7ar estes aspectos d\u00e1 aos mundos superiores a possibilidade de proverem percep\u00e7\u00f5es claras relativamente ao t\u00f3pico de investiga\u00e7\u00e3o.<\/p>\n\n\n\n<p><strong>SESS\u00c3O PR\u00c1TICA &#8211; Como controlar os seus pensamentos<\/strong><\/p>\n\n\n\n<p>Nesta sess\u00e3o vamos descobrir e aplicar exerc\u00edcios pr\u00e1ticos para aprofundar o tema da palestra. Este ser\u00e1 um espa\u00e7o para explorar o valor e a pr\u00e1tica da medita\u00e7\u00e3o como processo de forma\u00e7\u00e3o e investiga\u00e7\u00e3o. Os temas abordados s\u00e3o os seguintes:<\/p>\n\n\n\n<ul class=\"wp-block-list\">\n<li>Experienciar e investigar os pensamentos de fogo-f\u00e1tuo;<\/li>\n\n\n\n<li>Praticar a concentra\u00e7\u00e3o de pensamentos;<\/li>\n\n\n\n<li>Explorar sentimentos de estabilidade e confian\u00e7a.<\/li>\n\n\n\n<li>Investigar o fen\u00f3meno e requisitos de uma quest\u00e3o de investiga\u00e7\u00e3o legal.<\/li>\n<\/ul>\n\n\n\n<p>\u221e \u221e \u221e <\/p>\n\n\n\n<h6 id=\"Tema #2\">Tema #2<\/h6>\n\n\n\n<p><strong>PALESTRA &#8211; O mundo et\u00e9rico (for\u00e7as vitais) nos seres humanos e na natureza<\/strong><\/p>\n\n\n\n<p>Nesta palestra, dedicada principalmente ao dom\u00ednio et\u00e9rico, vamos analisar as fun\u00e7\u00f5es do nosso \u201ccorpo vital\u201d (tamb\u00e9m designado por corpo et\u00e9rico) e como este \u00e9 afetado pelas nossas actividades di\u00e1rias.<\/p>\n\n\n\n<ul class=\"wp-block-list\">\n<li>Como surge o corpo et\u00e9rico no ser humano e na natureza desde o ponto de vista supra-sens\u00edvel (n\u00e3o f\u00edsico)?<\/li>\n\n\n\n<li>Como \u00e9 que se altera o nosso corpo et\u00e9rico com a idade ou ap\u00f3s tratamentos ou doen\u00e7as espec\u00edficas?<\/li>\n\n\n\n<li>Quais s\u00e3o os quatro tipos diferentes de corpo et\u00e9rico?<\/li>\n\n\n\n<li>Como \u00e9 que os podemos experimentar na nossa vida?<\/li>\n\n\n\n<li>Como \u00e9 que podemos desenvolver o nosso corpo et\u00e9rico?<\/li>\n\n\n\n<li>Como \u00e9 que os v\u00edcios aparecem desde o ponto de vista espiritual?<\/li>\n<\/ul>\n\n\n\n<p><\/p>\n\n\n\n<p><strong>SESS\u00c3O PR\u00c1TICA \u2013 Como posso ganhar auto-controlo?<\/strong><\/p>\n\n\n\n<p>Esta sess\u00e3o, que inclui tamb\u00e9m exerc\u00edcios pr\u00e1ticos, tem como objetivo aprofundar os temas da palestra.<\/p>\n\n\n\n<ul class=\"wp-block-list\">\n<li>Como posso treinar-me para controlar as minhas ac\u00e7\u00f5es e a minha vontade?<\/li>\n\n\n\n<li>Como posso descobrir e explorar um impulso interior para me tornar mais ativo?<\/li>\n\n\n\n<li>Como \u00e9 que me torno mais consciente do meu pr\u00f3prio corpo et\u00e9rico?<\/li>\n\n\n\n<li>Como posso trazer o princ\u00edpio do ritmo para a minha vida, e porque \u00e9 que \u00e9 t\u00e3o importante?<\/li>\n\n\n\n<li>Como posso iniciar um novo curr\u00edculo de auto-aprendizagem e dedicar tempos espec\u00edficos \u00e0 medita\u00e7\u00e3o di\u00e1ria?<\/li>\n<\/ul>\n\n\n\n<p><\/p>\n\n\n\n<p>\u221e \u221e \u221e <\/p>\n\n\n\n<h6 id=\"Tema #3\">Tema #3<\/h6>\n\n\n\n<p><strong>PALESTRA \u2013 O Mundo Astral (for\u00e7as an\u00edmicas) no ser humano e na natureza<\/strong><\/p>\n\n\n\n<p>Nestes tempos de materialismo e intelectualismo, os nossos sentimentos s\u00e3o muitas vezes pouco importantes. No entanto, \u00e9 cada vez mais reconhecido que eles desempenham um papel significativo no nosso bem-estar e, muito importante, na nossa sa\u00fade corporal.<\/p>\n\n\n\n<p>Esta palestra \u00e9 principalmente dedicada \u00e0 \u00e1rea dos nossos sentimentos e emo\u00e7\u00f5es (tamb\u00e9m designada de corpo astral) e ser\u00e3o considerados os temas seguintes:<\/p>\n\n\n\n<ul class=\"wp-block-list\">\n<li>Como surge o corpo astral do ser humano desde o ponto de vista supra-sens\u00edvel? Como \u00e9 que muda com a idade ou a doen\u00e7a, a sua profiss\u00e3o, etc.?<\/li>\n\n\n\n<li>Como \u00e9 que o corpo astral pode ser afetado pelas nossas situa\u00e7\u00f5es biogr\u00e1ficas, actividades di\u00e1rias habituais e influ\u00eancias espirituais negativas, mesmo que n\u00e3o sejam diretamente percept\u00edveis?<\/li>\n\n\n\n<li>Como posso treinar-me para controlar os meus sentimentos? Como \u00e9 que me posso tornar mais consciente do meu pr\u00f3prio corpo astral?<\/li>\n\n\n\n<li>Como posso aquietar a minha alma e manter essa quietude e equanimidade?<\/li>\n<\/ul>\n\n\n\n<p><\/p>\n\n\n\n<p><strong>SESS\u00c3O PR\u00c1TICA &#8211; Como posso dominar os meus sentimentos e aprender o papel crucial da quietude neste processo?<\/strong><\/p>\n\n\n\n<p>O workshop dar\u00e1 exerc\u00edcios pr\u00e1ticos para aprofundar o conte\u00fado da palestra:<\/p>\n\n\n\n<ul class=\"wp-block-list\">\n<li>A onde est\u00e3o \u201clocalizados\u201d os meus sentimentos?<\/li>\n\n\n\n<li>Como posso treinar-me para controlar os meus sentimentos?<\/li>\n\n\n\n<li>Experimentar e investigar os sentimentos de j\u00fabilo exarcebado e de tristeza profunda.<\/li>\n\n\n\n<li>Explorar o sentimento de quietude interior.<\/li>\n\n\n\n<li>Porque \u00e9 que Rudolf Steiner considerava a completa quietude da alma como o primeiro n\u00edvel da inicia\u00e7\u00e3o superior?<\/li>\n<\/ul>\n\n\n\n<p><\/p>\n\n\n\n<p>\u221e \u221e \u221e <\/p>\n\n\n\n<h6 id=\"Tema #4\">Tema #4<\/h6>\n\n\n\n<p><strong>PALESTRA &#8211; Dimens\u00f5es do sentido do Eu (Eu-manifesta\u00e7\u00e3o) e a sua rela\u00e7\u00e3o com a hipersensibilidade.<\/strong><\/p>\n\n\n\n<p>No nosso percurso espiritual individual, colocamos a n\u00f3s pr\u00f3prios, uma e outra vez, a quest\u00e3o central: \u201cQuem sou eu?\u201d O mist\u00e9rio do Eu \u00e9 o maior enigma da nossa exist\u00eancia. O Eu encarna nos nossos corpos inferiores e a\u00ed se manifesta. Nesta palestra, discutiremos os problemas da manifesta\u00e7\u00e3o do \u201cEu\u201d, ou seja, o \u201csentido do Eu\u201d, tamb\u00e9m chamado de nosso Eu-corpo ou Eu-portador.<\/p>\n\n\n\n<p>O fortalecimento da manifesta\u00e7\u00e3o do Eu \u00e9 considerado um poderoso rem\u00e9dio contra muitas perturba\u00e7\u00f5es mentais e outras doen\u00e7as e \u00e9 a base de todo o trabalho espiritual.<\/p>\n\n\n\n<p>Os aspectos do fortalecimento do nosso \u201cEu\u201d e as correla\u00e7\u00f5es entre uma forte manifesta\u00e7\u00e3o do Eu e a nossa sa\u00fade e doen\u00e7as ser\u00e3o explorados considerando o exemplo da hipersensibilidade.<\/p>\n\n\n\n<p>Atualmente, a hipersensibilidade \u00e9 um fen\u00f3meno cada vez mais comum. As pessoas com hipersensibilidade t\u00eam uma constitui\u00e7\u00e3o supra-sens\u00edvel distinta e, como parte desta palestra, iremos explorar a g\u00e9nese da hipersensibilidade e formas de aumentar a resili\u00eancia pessoal para a superar.<\/p>\n\n\n\n<p><\/p>\n\n\n\n<p><strong>SESS\u00c3O PR\u00c1TICA &#8211; Como \u00e9 que posso tomar consci\u00eancia da for\u00e7a da minha manifesta\u00e7\u00e3o do Eu?<\/strong><\/p>\n\n\n\n<p>No workshop, vamos aprender exerc\u00edcios pr\u00e1ticos para aprofundar os t\u00f3picos da palestra:<\/p>\n\n\n\n<ul class=\"wp-block-list\">\n<li>Serei eu \u201co dono da minha casa\u201d?<\/li>\n\n\n\n<li>Como \u00e9 que posso fortalecer o meu eu interior, ou seja, a minha manifesta\u00e7\u00e3o do eu?<\/li>\n\n\n\n<li>Atualmente, muitas pessoas sentem-se desorientadas, dispersas e n\u00e3o conseguem encontrar uma liga\u00e7\u00e3o consigo pr\u00f3prias &#8211; como \u00e9 que podemos n\u00f3s mesmos voltar ao nosso eu verdadeiro?<\/li>\n<\/ul>\n\n\n\n<p>A positividade tem uma influ\u00eancia comprovada no desenvolvimento do nosso Eu-manifesta\u00e7\u00e3o, por isso vamos explorar como dirigir conscientemente a nossa mente para os aspectos positivos de cada experi\u00eancia na nossa vida, pesquisando e aplicando processos atrav\u00e9s dos quais as experi\u00eancias negativas podem se transformar em positivas e os sentimentos resultantes de felicidade espiritual. <\/p>\n\n\n\n<p><\/p>\n\n\n\n<p>\u221e \u221e \u221e <\/p>\n\n\n\n<h6 id=\"Tema #5\">Tema #5<\/h6>\n\n\n\n<p><strong>PALESTRA &#8211; As partes espirituais da constitui\u00e7\u00e3o humana<\/strong><\/p>\n\n\n\n<p>Esta palestra, dedicada principalmente aos mundos espirituais, explora o fen\u00f3meno da constitui\u00e7\u00e3o espiritual humana.<\/p>\n\n\n\n<p>A nossa estrutura espiritual superior desenvolvida consiste em tr\u00eas partes &#8211; o Eu Espiritual, o Esp\u00edrito da Vida e o Homem Espiritual.<\/p>\n\n\n\n<p>Os seres humanos s\u00e3o capazes de desenvolver os seus corpos espirituais superiores, trabalhando sobre si pr\u00f3prios atrav\u00e9s de um caminho espiritual interior.<\/p>\n\n\n\n<p>Os corpos espirituais superiores podem ser desenvolvidos ao longo de v\u00e1rias vidas e n\u00e3o perecem com o corpo f\u00edsico, mas, pelo contr\u00e1rio, permanecem activos nos mundos espirituais.<\/p>\n\n\n\n<p>Estes d\u00e3o-nos uma orienta\u00e7\u00e3o em rela\u00e7\u00e3o a outras almas num processo de \u201cconstru\u00e7\u00e3o de comunidade espiritual\u201d. Vamos analisar os princ\u00edpios desta possibilidade.<\/p>\n\n\n\n<p><\/p>\n\n\n\n<p><strong>SESS\u00c3O PR\u00c1TICA &#8211; A constitui\u00e7\u00e3o espiritual humana e o papel da objetividade na investiga\u00e7\u00e3o<\/strong><\/p>\n\n\n\n<p>Esta sess\u00e3o, que incluir\u00e1 exerc\u00edcios pr\u00e1ticos, aprofundar\u00e1 a nossa compreens\u00e3o dos t\u00f3picos tratados na palestra. Dedica-se essencialmente \u00e0 parte da constitui\u00e7\u00e3o espiritual humana, Eu Espiritual, onde ser\u00e3o abordados os seguintes temas:<\/p>\n\n\n\n<ul class=\"wp-block-list\">\n<li>Explorar e investigar o papel fundamental da objetividade na investiga\u00e7\u00e3o cient\u00edfica espiritual.<\/li>\n\n\n\n<li>Investigar os processos envolvidos na transforma\u00e7\u00e3o das nossas experi\u00eancias subjectivas em objectivas.<\/li>\n\n\n\n<li>Desenvolver uma atitude de ser completamente objetivo. Tomar-se consciente do Eu Espiritual.<\/li>\n<\/ul>\n\n\n\n<p><\/p>\n\n\n\n<p>\u221e \u221e \u221e <\/p>\n\n\n\n<h6 id=\"Tema #6\">Tema #6<\/h6>\n\n\n\n<p><strong>PALESTRA &#8211; As partes da alma na constitui\u00e7\u00e3o humana<\/strong><\/p>\n\n\n\n<p>Esta palestra analisa o fen\u00f3meno da constitui\u00e7\u00e3o da alma humana e a sua divis\u00e3o em tr\u00eas aspectos, ou seja, as partes Sens\u00edvel, Racional e Consciente da alma. Destes, as partes Sens\u00edvel e da Consci\u00eancia ser\u00e3o especialmente abordadas.<\/p>\n\n\n\n<p>Cada parte da alma constitui qualidades espec\u00edficas da alma. A parte \u201csens\u00edvel\u201d \u00e9 \u201crespons\u00e1vel\u201d pelos nossos instintos, ansiedade, medos, raiva e outras emo\u00e7\u00f5es subconscientes \u201canimalescas\u201d. A rela\u00e7\u00e3o entre as doen\u00e7as relevantes e as nossas almas ser\u00e1 tamb\u00e9m examinada. Iremos ainda abordar a quest\u00e3o: Como \u00e9 que podemos apoiar e harmonizar as nossas almas?<\/p>\n\n\n\n<p>Permitindo que a verdade e o bem habitem e vivam em n\u00f3s, elevamo-nos acima da alma sens\u00edvel. O que a alma carrega dentro de si como verdade e bem \u00e9 imortal e eternamente radiante. Esta parte da alma chama-se alma Consci\u00eancia.<\/p>\n\n\n\n<p><\/p>\n\n\n\n<p><strong>SESS\u00c3O PR\u00c1TICA &#8211; Como posso alcan\u00e7ar equil\u00edbrio e o equil\u00edbrio da alma?<\/strong><\/p>\n\n\n\n<p>Este workshop, que incluir\u00e1 exerc\u00edcios pr\u00e1ticos, ir\u00e1 aprofundar a nossa compreens\u00e3o dos t\u00f3picos discutidos na palestra. Num caminho de desenvolvimento interior, tomamos consci\u00eancia de como a nossa vida est\u00e1 cheia de perturba\u00e7\u00f5es e atrac\u00e7\u00f5es que nos puxam em diferentes direc\u00e7\u00f5es todos os dias.<\/p>\n\n\n\n<ul class=\"wp-block-list\">\n<li>Como posso encontrar um centro de gravidade espiritual que me d\u00ea for\u00e7a e confian\u00e7a e me ajude a manter um equil\u00edbrio interior constante e harmonia?<\/li>\n\n\n\n<li>Como \u00e9 que um equil\u00edbrio interior entre a minha alma e as for\u00e7as espirituais traz harmonia \u00e0 rela\u00e7\u00e3o entre o meu intelecto, sentimentos e moralidade?<\/li>\n<\/ul>\n\n\n\n<p>Neste workshop, vamos explorar como podemos desenvolver um equil\u00edbrio da alma, um estado an\u00edmico espiritualmente inspirado, que nos permite trabalhar com seguran\u00e7a e efic\u00e1cia no mundo.<\/p>\n\n\n\n<p>\u221e \u221e \u221e <\/p>\n\n\n\n<h6 id=\"Tema #7\">Tema #7<\/h6>\n\n\n\n<p><strong>PALESTRA &#8211; Mecanismos da Mente e a Consci\u00eancia Vazia<\/strong><\/p>\n\n\n\n<p>Nesta palestra, especialmente dedicada \u00e0 \u00e1rea dos nossos processos de pensar (mundo espiritual \u201cinferior\u201d), vamos analisar as fun\u00e7\u00f5es da parte intelectual da alma (processos mentais) e a forma como esta \u00e9 afetada pelas nossas actividades di\u00e1rias. O nosso pensamento ocorre na chamada parte intelectual da nossa alma, que pode ser entendida como uma esp\u00e9cie de \u201cpalco\u201d onde os seres dos pensamentos podem \u201caparecer e atuar\u201d.<\/p>\n\n\n\n<p>A parte intelectual da alma pode receber conte\u00fados de pensamento e est\u00e1 receptiva a uma percep\u00e7\u00e3o superior. Uma pergunta de investiga\u00e7\u00e3o corretamente formulada ativa uma liga\u00e7\u00e3o entre a mente intelectual e a perce\u00e7\u00e3o espiritual, mas para obter uma resposta clara dos mundos espirituais, temos de proporcionar um \u201cestado de esp\u00edrito sem conte\u00fado\u201d, ou seja, a chamada \u201cmente vazia\u201d, desprovida de pensamentos, desejos, imagens, preconceitos e ideias pr\u00e9-concebidas.<\/p>\n\n\n\n<p>Alcan\u00e7ar a mente vazia \u00e9 um passo essencial no nosso desenvolvimento interior e um requisito fundamental para a investiga\u00e7\u00e3o em ci\u00eancia espiritual.<\/p>\n\n\n\n<p><\/p>\n\n\n\n<p><strong>WORKSHOP &#8211; N\u00edveis de pensamento e mente vazia<\/strong><\/p>\n\n\n\n<p>Neste workshop, trabalharemos com exerc\u00edcios pr\u00e1ticos para aprofundar os temas abordados na palestra. Iremos explorar os seguintes aspectos:<\/p>\n\n\n\n<ul class=\"wp-block-list\">\n<li>Onde \u00e9 que os nossos pensamentos est\u00e3o \u201clocalizados\u201d?<\/li>\n\n\n\n<li>Como \u00e9 que sentimos a diferen\u00e7a entre a atividade de pensar e o conte\u00fado desse pensamento?<\/li>\n\n\n\n<li>Porque \u00e9 que, para a maioria de n\u00f3s, a observa\u00e7\u00e3o do nosso pensamento durante o processo de pensar \u00e9 um desafio e pode mesmo ser descrita como um \u201cestado excecional\u201d? Iremos tamb\u00e9m investigar como podemos desenvolver a capacidade de n\u00e3o pensar em nada e iremos praticar e investigar como atingir um estado de esp\u00edrito sem conte\u00fado.<\/li>\n<\/ul>\n\n\n\n<p>\u221e \u221e \u221e <\/p>\n\n\n\n<p>\u221e \u221e \u221e <\/p>\n\n\n\n<p><strong><a href=\"\/portugal-research-course\/\">Investiga\u00e7\u00e3o em Ci\u00eancia Espiritual \u2013 Curso em Portugal<\/a><\/strong><\/p>\n\n\n\n<figure class=\"wp-block-embed is-type-wp-embed is-provider-spiritual-science-research wp-block-embed-spiritual-science-research\"><div class=\"wp-block-embed__wrapper\">\n<blockquote class=\"wp-embedded-content\" data-secret=\"opluFaoNbR\"><a href=\"https:\/\/spiritual-science-research.com\/portugal-research-course\/\">Investiga\u00e7\u00e3o em Ci\u00eancia Espiritual &#8211; Curso em Sintra, Portugal<\/a><\/blockquote><iframe loading=\"lazy\" class=\"wp-embedded-content\" sandbox=\"allow-scripts\" security=\"restricted\" style=\"position: absolute; visibility: hidden;\" title=\"&#8220;Investiga\u00e7\u00e3o em Ci\u00eancia Espiritual &#8211; Curso em Sintra, Portugal&#8221; &#8212; Spiritual Science Research\" src=\"https:\/\/spiritual-science-research.com\/portugal-research-course\/embed\/#?secret=wfsL70XN86#?secret=opluFaoNbR\" data-secret=\"opluFaoNbR\" width=\"525\" height=\"296\" frameborder=\"0\" marginwidth=\"0\" marginheight=\"0\" scrolling=\"no\"><\/iframe>\n<\/div><\/figure>\n\n\n\n<p>\u221e \u221e \u221e<\/p>\n\n\n\n<p><a href=\"\/porto-portugal-research-course-in-portuguese\/\">Investiga\u00e7\u00e3o em Ci\u00eancia Espiritual \u2013 Curso em Porto, Portugal<\/a><\/p>\n\n\n\n<figure class=\"wp-block-embed is-type-wp-embed is-provider-spiritual-science-research wp-block-embed-spiritual-science-research\"><div class=\"wp-block-embed__wrapper\">\n<blockquote class=\"wp-embedded-content\" data-secret=\"Qs8CxlSFUT\"><a href=\"https:\/\/spiritual-science-research.com\/porto-portugal-research-course-in-portuguese\/\">Investiga\u00e7\u00e3o em Ci\u00eancia Espiritual \u2013 Curso em Porto, Portugal<\/a><\/blockquote><iframe loading=\"lazy\" class=\"wp-embedded-content\" sandbox=\"allow-scripts\" security=\"restricted\" style=\"position: absolute; visibility: hidden;\" title=\"&#8220;Investiga\u00e7\u00e3o em Ci\u00eancia Espiritual \u2013 Curso em Porto, Portugal&#8221; &#8212; Spiritual Science Research\" src=\"https:\/\/spiritual-science-research.com\/porto-portugal-research-course-in-portuguese\/embed\/#?secret=YDIecfjbhl#?secret=Qs8CxlSFUT\" data-secret=\"Qs8CxlSFUT\" width=\"525\" height=\"296\" frameborder=\"0\" marginwidth=\"0\" marginheight=\"0\" scrolling=\"no\"><\/iframe>\n<\/div><\/figure>\n\n\n\n<p>\u221e \u221e \u221e<\/p>\n\n\n\n<p><a href=\"\/about-inessa-burdich-in-portuguese\/\">Sobre Inessa Burdich<\/a><\/p>\n\n\n\n<figure class=\"wp-block-embed is-type-wp-embed is-provider-spiritual-science-research wp-block-embed-spiritual-science-research\"><div class=\"wp-block-embed__wrapper\">\n<blockquote class=\"wp-embedded-content\" data-secret=\"dGDv27gHSf\"><a href=\"https:\/\/spiritual-science-research.com\/about-inessa-burdich-in-portuguese\/\">Sobre Inessa Burdich<\/a><\/blockquote><iframe loading=\"lazy\" class=\"wp-embedded-content\" sandbox=\"allow-scripts\" security=\"restricted\" style=\"position: absolute; visibility: hidden;\" title=\"&#8220;Sobre Inessa Burdich&#8221; &#8212; Spiritual Science Research\" src=\"https:\/\/spiritual-science-research.com\/about-inessa-burdich-in-portuguese\/embed\/#?secret=FuvtpZwXso#?secret=dGDv27gHSf\" data-secret=\"dGDv27gHSf\" width=\"525\" height=\"296\" frameborder=\"0\" marginwidth=\"0\" marginheight=\"0\" scrolling=\"no\"><\/iframe>\n<\/div><\/figure>\n\n\n\n<p>\u221e \u221e \u221e<\/p>\n","protected":false},"excerpt":{"rendered":"<p>Uma jornada espiritual de desenvolvimento interior a partir do m\u00e9todo \u201cAprender fazendo\u201d. Facilitado por Inessa Burdich \u221e \u221e \u221e Investiga\u00e7\u00e3o em Ci\u00eancia Espiritual &#8211; sete temas: Tema #1: A medita\u00e7\u00e3o como caminho de desenvolvimento espiritual e como m\u00e9todo para a investiga\u00e7\u00e3o em Ci\u00eancia Espiritual. Tema #2: O mundo et\u00e9rico (for\u00e7as vitais) no ser humano e [&hellip;]<\/p>\n","protected":false},"author":2,"featured_media":0,"parent":0,"menu_order":0,"comment_status":"closed","ping_status":"closed","template":"","meta":{"footnotes":""},"class_list":["post-3653","page","type-page","status-publish","hentry"],"translation":{"provider":"WPGlobus","version":"3.0.2","language":"de","enabled_languages":["en","de"],"languages":{"en":{"title":true,"content":true,"excerpt":false},"de":{"title":false,"content":false,"excerpt":false}}},"yoast_head":"<!-- This site is optimized with the Yoast SEO plugin v27.5 - https:\/\/yoast.com\/product\/yoast-seo-wordpress\/ -->\n<title>Investiga\u00e7\u00e3o em Ci\u00eancia Espiritual - conte\u00fado do curso - Spiritual Science Research<\/title>\n<meta name=\"robots\" content=\"index, follow, max-snippet:-1, max-image-preview:large, max-video-preview:-1\" \/>\n<link rel=\"canonical\" href=\"https:\/\/spiritual-science-research.com\/course-content-in-portuguese\/\" \/>\n<meta property=\"og:locale\" content=\"de_DE\" \/>\n<meta property=\"og:type\" content=\"article\" \/>\n<meta property=\"og:title\" content=\"Investiga\u00e7\u00e3o em Ci\u00eancia Espiritual - conte\u00fado do curso - Spiritual Science Research\" \/>\n<meta property=\"og:url\" content=\"https:\/\/spiritual-science-research.com\/course-content-in-portuguese\/\" \/>\n<meta property=\"og:site_name\" content=\"Spiritual Science Research\" \/>\n<meta property=\"article:modified_time\" content=\"2026-02-07T15:27:46+00:00\" \/>\n<meta property=\"og:image\" content=\"https:\/\/spiritual-science-research.com\/wp-content\/uploads\/2024\/05\/Screenshot-2024-05-17-at-21.53.54-1024x690.png\" \/>\n\t<meta property=\"og:image:width\" content=\"1024\" \/>\n\t<meta property=\"og:image:height\" content=\"690\" \/>\n\t<meta property=\"og:image:type\" content=\"image\/png\" \/>\n<meta name=\"twitter:card\" content=\"summary_large_image\" \/>\n<meta name=\"twitter:label1\" content=\"Est. reading time\" \/>\n\t<meta name=\"twitter:data1\" content=\"12 minutes\" \/>\n<script type=\"application\/ld+json\" class=\"yoast-schema-graph\">{\"@context\":\"https:\\\/\\\/schema.org\",\"@graph\":[{\"@type\":\"WebPage\",\"@id\":\"https:\\\/\\\/spiritual-science-research.com\\\/course-content-in-portuguese\\\/\",\"url\":\"https:\\\/\\\/spiritual-science-research.com\\\/course-content-in-portuguese\\\/\",\"name\":\"Investiga\u00e7\u00e3o em Ci\u00eancia Espiritual - conte\u00fado do curso - Spiritual Science Research\",\"isPartOf\":{\"@id\":\"https:\\\/\\\/spiritual-science-research.com\\\/#website\"},\"primaryImageOfPage\":{\"@id\":\"https:\\\/\\\/spiritual-science-research.com\\\/course-content-in-portuguese\\\/#primaryimage\"},\"image\":{\"@id\":\"https:\\\/\\\/spiritual-science-research.com\\\/course-content-in-portuguese\\\/#primaryimage\"},\"thumbnailUrl\":\"https:\\\/\\\/spiritual-science-research.com\\\/wp-content\\\/uploads\\\/2024\\\/05\\\/Screenshot-2024-05-17-at-21.53.54-1024x690.png\",\"datePublished\":\"2024-05-17T15:19:53+00:00\",\"dateModified\":\"2026-02-07T15:27:46+00:00\",\"description\":\"% % Uma jornada espiritual de desenvolvimento interior a partir do m\u00e9todo \u201cAprender fazendo\u201d. Facilitado por Inessa Burdich Rudolf Steiner, 1921 \u221e \u221e \u221e % %\",\"breadcrumb\":{\"@id\":\"https:\\\/\\\/spiritual-science-research.com\\\/course-content-in-portuguese\\\/#breadcrumb\"},\"inLanguage\":\"de-DE\",\"potentialAction\":[{\"@type\":\"ReadAction\",\"target\":[\"https:\\\/\\\/spiritual-science-research.com\\\/course-content-in-portuguese\\\/\"]}]},{\"@type\":\"ImageObject\",\"inLanguage\":\"de-DE\",\"@id\":\"https:\\\/\\\/spiritual-science-research.com\\\/course-content-in-portuguese\\\/#primaryimage\",\"url\":\"https:\\\/\\\/spiritual-science-research.com\\\/wp-content\\\/uploads\\\/2024\\\/05\\\/Screenshot-2024-05-17-at-21.53.54-1024x690.png\",\"contentUrl\":\"https:\\\/\\\/spiritual-science-research.com\\\/wp-content\\\/uploads\\\/2024\\\/05\\\/Screenshot-2024-05-17-at-21.53.54-1024x690.png\"},{\"@type\":\"BreadcrumbList\",\"@id\":\"https:\\\/\\\/spiritual-science-research.com\\\/course-content-in-portuguese\\\/#breadcrumb\",\"itemListElement\":[{\"@type\":\"ListItem\",\"position\":1,\"name\":\"Home\",\"item\":\"https:\\\/\\\/spiritual-science-research.com\\\/\"},{\"@type\":\"ListItem\",\"position\":2,\"name\":\"Investiga\u00e7\u00e3o em Ci\u00eancia Espiritual &#8211; conte\u00fado do curso\"}]},{\"@type\":\"WebSite\",\"@id\":\"https:\\\/\\\/spiritual-science-research.com\\\/#website\",\"url\":\"https:\\\/\\\/spiritual-science-research.com\\\/\",\"name\":\"Spiritual Science Research\",\"description\":\"Learning by doing\",\"publisher\":{\"@id\":\"https:\\\/\\\/spiritual-science-research.com\\\/#organization\"},\"potentialAction\":[{\"@type\":\"SearchAction\",\"target\":{\"@type\":\"EntryPoint\",\"urlTemplate\":\"https:\\\/\\\/spiritual-science-research.com\\\/?s={search_term_string}\"},\"query-input\":{\"@type\":\"PropertyValueSpecification\",\"valueRequired\":true,\"valueName\":\"search_term_string\"}}],\"inLanguage\":\"de-DE\"},{\"@type\":\"Organization\",\"@id\":\"https:\\\/\\\/spiritual-science-research.com\\\/#organization\",\"name\":\"Spiritual Science Research\",\"url\":\"https:\\\/\\\/spiritual-science-research.com\\\/\",\"logo\":{\"@type\":\"ImageObject\",\"inLanguage\":\"de-DE\",\"@id\":\"https:\\\/\\\/spiritual-science-research.com\\\/#\\\/schema\\\/logo\\\/image\\\/\",\"url\":\"https:\\\/\\\/spiritual-science-research.com\\\/wp-content\\\/uploads\\\/2023\\\/05\\\/Group-337.png\",\"contentUrl\":\"https:\\\/\\\/spiritual-science-research.com\\\/wp-content\\\/uploads\\\/2023\\\/05\\\/Group-337.png\",\"width\":400,\"height\":161,\"caption\":\"Spiritual Science Research\"},\"image\":{\"@id\":\"https:\\\/\\\/spiritual-science-research.com\\\/#\\\/schema\\\/logo\\\/image\\\/\"}}]}<\/script>\n<!-- \/ Yoast SEO plugin. -->","yoast_head_json":{"title":"Investiga\u00e7\u00e3o em Ci\u00eancia Espiritual - conte\u00fado do curso - Spiritual Science Research","robots":{"index":"index","follow":"follow","max-snippet":"max-snippet:-1","max-image-preview":"max-image-preview:large","max-video-preview":"max-video-preview:-1"},"canonical":"https:\/\/spiritual-science-research.com\/course-content-in-portuguese\/","og_locale":"de_DE","og_type":"article","og_title":"Investiga\u00e7\u00e3o em Ci\u00eancia Espiritual - conte\u00fado do curso - Spiritual Science Research","og_url":"https:\/\/spiritual-science-research.com\/course-content-in-portuguese\/","og_site_name":"Spiritual Science Research","article_modified_time":"2026-02-07T15:27:46+00:00","og_image":[{"width":1024,"height":690,"url":"https:\/\/spiritual-science-research.com\/wp-content\/uploads\/2024\/05\/Screenshot-2024-05-17-at-21.53.54-1024x690.png","type":"image\/png"}],"twitter_card":"summary_large_image","twitter_misc":{"Est. reading time":"12 minutes"},"schema":{"@context":"https:\/\/schema.org","@graph":[{"@type":"WebPage","@id":"https:\/\/spiritual-science-research.com\/course-content-in-portuguese\/","url":"https:\/\/spiritual-science-research.com\/course-content-in-portuguese\/","name":"Investiga\u00e7\u00e3o em Ci\u00eancia Espiritual - conte\u00fado do curso - Spiritual Science Research","isPartOf":{"@id":"https:\/\/spiritual-science-research.com\/#website"},"primaryImageOfPage":{"@id":"https:\/\/spiritual-science-research.com\/course-content-in-portuguese\/#primaryimage"},"image":{"@id":"https:\/\/spiritual-science-research.com\/course-content-in-portuguese\/#primaryimage"},"thumbnailUrl":"https:\/\/spiritual-science-research.com\/wp-content\/uploads\/2024\/05\/Screenshot-2024-05-17-at-21.53.54-1024x690.png","datePublished":"2024-05-17T15:19:53+00:00","dateModified":"2026-02-07T15:27:46+00:00","description":"% % Uma jornada espiritual de desenvolvimento interior a partir do m\u00e9todo \u201cAprender fazendo\u201d. Facilitado por Inessa Burdich Rudolf Steiner, 1921 \u221e \u221e \u221e % %","breadcrumb":{"@id":"https:\/\/spiritual-science-research.com\/course-content-in-portuguese\/#breadcrumb"},"inLanguage":"de-DE","potentialAction":[{"@type":"ReadAction","target":["https:\/\/spiritual-science-research.com\/course-content-in-portuguese\/"]}]},{"@type":"ImageObject","inLanguage":"de-DE","@id":"https:\/\/spiritual-science-research.com\/course-content-in-portuguese\/#primaryimage","url":"https:\/\/spiritual-science-research.com\/wp-content\/uploads\/2024\/05\/Screenshot-2024-05-17-at-21.53.54-1024x690.png","contentUrl":"https:\/\/spiritual-science-research.com\/wp-content\/uploads\/2024\/05\/Screenshot-2024-05-17-at-21.53.54-1024x690.png"},{"@type":"BreadcrumbList","@id":"https:\/\/spiritual-science-research.com\/course-content-in-portuguese\/#breadcrumb","itemListElement":[{"@type":"ListItem","position":1,"name":"Home","item":"https:\/\/spiritual-science-research.com\/"},{"@type":"ListItem","position":2,"name":"Investiga\u00e7\u00e3o em Ci\u00eancia Espiritual &#8211; conte\u00fado do curso"}]},{"@type":"WebSite","@id":"https:\/\/spiritual-science-research.com\/#website","url":"https:\/\/spiritual-science-research.com\/","name":"Spiritual Science Research","description":"Learning by doing","publisher":{"@id":"https:\/\/spiritual-science-research.com\/#organization"},"potentialAction":[{"@type":"SearchAction","target":{"@type":"EntryPoint","urlTemplate":"https:\/\/spiritual-science-research.com\/?s={search_term_string}"},"query-input":{"@type":"PropertyValueSpecification","valueRequired":true,"valueName":"search_term_string"}}],"inLanguage":"de-DE"},{"@type":"Organization","@id":"https:\/\/spiritual-science-research.com\/#organization","name":"Spiritual Science Research","url":"https:\/\/spiritual-science-research.com\/","logo":{"@type":"ImageObject","inLanguage":"de-DE","@id":"https:\/\/spiritual-science-research.com\/#\/schema\/logo\/image\/","url":"https:\/\/spiritual-science-research.com\/wp-content\/uploads\/2023\/05\/Group-337.png","contentUrl":"https:\/\/spiritual-science-research.com\/wp-content\/uploads\/2023\/05\/Group-337.png","width":400,"height":161,"caption":"Spiritual Science Research"},"image":{"@id":"https:\/\/spiritual-science-research.com\/#\/schema\/logo\/image\/"}}]}},"_links":{"self":[{"href":"https:\/\/spiritual-science-research.com\/de\/wp-json\/wp\/v2\/pages\/3653","targetHints":{"allow":["GET"]}}],"collection":[{"href":"https:\/\/spiritual-science-research.com\/de\/wp-json\/wp\/v2\/pages"}],"about":[{"href":"https:\/\/spiritual-science-research.com\/de\/wp-json\/wp\/v2\/types\/page"}],"author":[{"embeddable":true,"href":"https:\/\/spiritual-science-research.com\/de\/wp-json\/wp\/v2\/users\/2"}],"replies":[{"embeddable":true,"href":"https:\/\/spiritual-science-research.com\/de\/wp-json\/wp\/v2\/comments?post=3653"}],"version-history":[{"count":50,"href":"https:\/\/spiritual-science-research.com\/de\/wp-json\/wp\/v2\/pages\/3653\/revisions"}],"predecessor-version":[{"id":7739,"href":"https:\/\/spiritual-science-research.com\/de\/wp-json\/wp\/v2\/pages\/3653\/revisions\/7739"}],"wp:attachment":[{"href":"https:\/\/spiritual-science-research.com\/de\/wp-json\/wp\/v2\/media?parent=3653"}],"curies":[{"name":"wp","href":"https:\/\/api.w.org\/{rel}","templated":true}]}}