{"id":1061,"date":"2023-03-17T16:36:21","date_gmt":"2023-03-17T16:36:21","guid":{"rendered":"http:\/\/spiritual-science-research.com\/?page_id=1061"},"modified":"2026-01-13T18:24:28","modified_gmt":"2026-01-13T18:24:28","slug":"dimensions-of-the-sense-of-self-i-manifestation-and-its-relation-to-hypersensitivity","status":"publish","type":"page","link":"https:\/\/spiritual-science-research.com\/de\/dimensions-of-the-sense-of-self-i-manifestation-and-its-relation-to-hypersensitivity\/","title":{"rendered":"Dimensionen des Ich-Bewusstseins"},"content":{"rendered":"\n<p>Vortrag und Seminar mit Inessa Burdich<\/p>\n\n\n\n<figure class=\"wp-block-image size-full\"><img loading=\"lazy\" decoding=\"async\" width=\"1024\" height=\"796\" src=\"https:\/\/spiritual-science-research.com\/wp-content\/uploads\/2024\/09\/Goetheanum1_Red_West_Window.jpg\" alt=\"\" class=\"wp-image-4232\" srcset=\"https:\/\/spiritual-science-research.com\/wp-content\/uploads\/2024\/09\/Goetheanum1_Red_West_Window.jpg 1024w, https:\/\/spiritual-science-research.com\/wp-content\/uploads\/2024\/09\/Goetheanum1_Red_West_Window-300x233.jpg 300w, https:\/\/spiritual-science-research.com\/wp-content\/uploads\/2024\/09\/Goetheanum1_Red_West_Window-768x597.jpg 768w\" sizes=\"auto, (max-width: 1024px) 100vw, 1024px\" \/><figcaption class=\"wp-element-caption\">ES offenbart &#8211; ICH SCHAUE &#8211; ES hat geoffenbart<br>Rudolf Steiners Entwurf f\u00fcr das rote Westfenster des ersten Goetheanums, der das Wesen der Imagination bildhaft darstellt<\/figcaption><\/figure>\n\n\n\n<p><\/p>\n\n\n\n<p>Auf unserem individuellen spirituellen Weg stellen wir uns immer wieder die Kernfrage: &#8220;Wer bin ich?&#8221; Das Geheimnis des Ichs ist das gr\u00f6\u00dfte R\u00e4tsel unserer Existenz. Es verk\u00f6rpert sich in unseren unteren K\u00f6rpern und manifestiert sich dort. In diesem Vortrag werden wir die Probleme der Manifestation des &#8220;Ichs&#8221;, d.h. des &#8220;Selbstgef\u00fchls&#8221;, auch Ich-K\u00f6rper oder Ich-Tr\u00e4ger genannt, besprechen.<\/p>\n\n\n\n<p>Die St\u00e4rkung der Ich-Manifestation gilt als wirksames Mittel gegen viele psychische St\u00f6rungen und andere Krankheiten und ist die Grundlage jeder spirituellen Arbeit. Aspekte der Ich-St\u00e4rkung und die Zusammenh\u00e4nge zwischen einer starken Ich-Manifestation und unserer Gesundheit und unseren Krankheiten werden am Beispiel der \u00dcberempfindlichkeit er\u00f6rtert.<\/p>\n\n\n\n<p>\u00dcberempfindlichkeit ist heute ein immer h\u00e4ufigeres Ph\u00e4nomen. Menschen mit Hypersensibilit\u00e4t haben eine ausgepr\u00e4gte \u00fcbersinnliche Konstitution, und im Rahmen dieses Vortrags werden wir die Entstehung von Hypersensibilit\u00e4t und Wege zur St\u00e4rkung der pers\u00f6nlichen Widerstandskraft erkunden, um sie zu \u00fcberwinden.<\/p>\n\n\n\n<p>\u221e \u221e \u221e<\/p>\n\n\n\n<p><strong>SEMINAR \u2013 Wie werde ich der St\u00e4rke meiner eigenen Ich-Manifestation gewahr?&nbsp;<\/strong><\/p>\n\n\n\n<p>Auf diesem Seminar werden wir praktische \u00dcbungen zur Vertiefung des Vortragsinhalts kennenlernen.&nbsp;<\/p>\n\n\n\n<ul class=\"wp-block-list\">\n<li>Bin ich der Herr in meinem Haus?&nbsp;<\/li>\n\n\n\n<li>Wie werde ich meiner eigenen Ich-Manifestation gewahr?&nbsp;<\/li>\n\n\n\n<li>Wie kann ich mein inneres Selbst verst\u00e4rken, d.h. meine Ich-Manifestation?<\/li>\n\n\n\n<li>Heutzutage f\u00fchlen sich viele Menschen desorientiert, frustriert, nicht imstande, den Kontakt mit sich selbst zu finden \u2013 wie k\u00f6nnen wir uns zu unserem Selbst zur\u00fcckf\u00fchren?&nbsp;<\/li>\n<\/ul>\n\n\n\n<p>Die Positivit\u00e4t hat erwiesenerma\u00dfen einen Einfluss auf die Entwicklung unserer Ich-Manifestation, und so werden wir erforschen, wie man bewusst seinen Geist auf die positiven Aspekte jeder Lebenserfahrung konzentriert, und welche Prozesse man miteinbeziehen kann, um die negativen Erfahrungen in die positiven zu verwandeln, wodurch als Ergebnis die Gef\u00fchle des geistigen Gl\u00fccks entstehen.<\/p>\n\n\n\n<p>\u221e \u221e \u221e<\/p>\n\n\n\n<p><strong>Dieser Vortrag und dieses Seminar sind Teil des geisteswissenschaftlichen Forschungskurses. Sie sind herzlich eingeladen, hier den vollst\u00e4ndigen Inhalt des Kurses kennenzulernen<\/strong>:<\/p>\n\n\n\n<p><\/p>\n\n\n\n<p><strong>Geisteswissenschaftliche Forschung \u2013 Kursinhalt<\/strong><\/p>\n\n\n\n<figure class=\"wp-block-embed is-type-wp-embed is-provider-spiritual-science-research wp-block-embed-spiritual-science-research\"><div class=\"wp-block-embed__wrapper\">\n<blockquote class=\"wp-embedded-content\" data-secret=\"c6KpK6Ughk\"><a href=\"https:\/\/spiritual-science-research.com\/themen\/\">Geisteswissenschaftliche Forschung &#8211; Kursinhalt<\/a><\/blockquote><iframe loading=\"lazy\" class=\"wp-embedded-content\" sandbox=\"allow-scripts\" security=\"restricted\" style=\"position: absolute; visibility: hidden;\" title=\"&#8220;Geisteswissenschaftliche Forschung &#8211; Kursinhalt&#8221; &#8212; Spiritual Science Research\" src=\"https:\/\/spiritual-science-research.com\/themen\/embed\/#?secret=isb5BlJ0NW#?secret=c6KpK6Ughk\" data-secret=\"c6KpK6Ughk\" width=\"525\" height=\"296\" frameborder=\"0\" marginwidth=\"0\" marginheight=\"0\" scrolling=\"no\"><\/iframe>\n<\/div><\/figure>\n\n\n\n<p>\u221e \u221e \u221e<\/p>\n\n\n\n<p><strong>Geisteswissenschaftliche Forschung \u2013 Online-Kurs auf Deutsch<\/strong><\/p>\n\n\n\n<figure class=\"wp-block-embed is-type-wp-embed is-provider-spiritual-science-research wp-block-embed-spiritual-science-research\"><div class=\"wp-block-embed__wrapper\">\n<blockquote class=\"wp-embedded-content\" data-secret=\"QEuwlMusbu\"><a href=\"https:\/\/spiritual-science-research.com\/de\/rss-online-in-german\/\">Geisteswissenschaftliche Forschung &#8211; Online-Kurs auf Deutsch<\/a><\/blockquote><iframe loading=\"lazy\" class=\"wp-embedded-content\" sandbox=\"allow-scripts\" security=\"restricted\" style=\"position: absolute; visibility: hidden;\" title=\"&#8220;Geisteswissenschaftliche Forschung &#8211; Online-Kurs auf Deutsch&#8221; &#8212; Spiritual Science Research\" src=\"https:\/\/spiritual-science-research.com\/de\/rss-online-in-german\/embed\/#?secret=jHpwkVY8Jg#?secret=QEuwlMusbu\" data-secret=\"QEuwlMusbu\" width=\"525\" height=\"296\" frameborder=\"0\" marginwidth=\"0\" marginheight=\"0\" scrolling=\"no\"><\/iframe>\n<\/div><\/figure>\n\n\n\n<p>\u221e \u221e \u221e<\/p>\n","protected":false},"excerpt":{"rendered":"<p>Vortrag und Seminar mit Inessa Burdich Auf unserem individuellen spirituellen Weg stellen wir uns immer wieder die Kernfrage: &#8220;Wer bin ich?&#8221; Das Geheimnis des Ichs ist das gr\u00f6\u00dfte R\u00e4tsel unserer Existenz. Es verk\u00f6rpert sich in unseren unteren K\u00f6rpern und manifestiert sich dort. In diesem Vortrag werden wir die Probleme der Manifestation des &#8220;Ichs&#8221;, d.h. des [&hellip;]<\/p>\n","protected":false},"author":2,"featured_media":0,"parent":0,"menu_order":0,"comment_status":"closed","ping_status":"closed","template":"","meta":{"footnotes":""},"class_list":["post-1061","page","type-page","status-publish","hentry"],"translation":{"provider":"WPGlobus","version":"3.0.2","language":"de","enabled_languages":["en","de"],"languages":{"en":{"title":true,"content":true,"excerpt":false},"de":{"title":true,"content":true,"excerpt":false}}},"yoast_head":"<!-- This site is optimized with the Yoast SEO plugin v27.5 - https:\/\/yoast.com\/product\/yoast-seo-wordpress\/ -->\n<title>Dimensionen des Ich-Bewusstseins - Spiritual Science Research<\/title>\n<meta name=\"robots\" content=\"index, follow, max-snippet:-1, max-image-preview:large, max-video-preview:-1\" \/>\n<link rel=\"canonical\" href=\"https:\/\/spiritual-science-research.com\/dimensions-of-the-sense-of-self-i-manifestation-and-its-relation-to-hypersensitivity\/\" \/>\n<meta property=\"og:locale\" content=\"de_DE\" \/>\n<meta property=\"og:type\" content=\"article\" \/>\n<meta property=\"og:title\" content=\"Dimensionen des Ich-Bewusstseins - Spiritual Science Research\" \/>\n<meta property=\"og:url\" content=\"https:\/\/spiritual-science-research.com\/dimensions-of-the-sense-of-self-i-manifestation-and-its-relation-to-hypersensitivity\/\" \/>\n<meta property=\"og:site_name\" content=\"Spiritual Science Research\" \/>\n<meta property=\"article:modified_time\" content=\"2026-01-13T18:24:28+00:00\" \/>\n<meta property=\"og:image\" content=\"https:\/\/spiritual-science-research.com\/wp-content\/uploads\/2024\/09\/Goetheanum1_Red_West_Window.jpg\" \/>\n\t<meta property=\"og:image:width\" content=\"1024\" \/>\n\t<meta property=\"og:image:height\" content=\"796\" \/>\n\t<meta property=\"og:image:type\" content=\"image\/jpeg\" \/>\n<meta name=\"twitter:card\" content=\"summary_large_image\" \/>\n<meta name=\"twitter:label1\" content=\"Est. reading time\" \/>\n\t<meta name=\"twitter:data1\" content=\"2 minutes\" \/>\n<script type=\"application\/ld+json\" class=\"yoast-schema-graph\">{\"@context\":\"https:\\\/\\\/schema.org\",\"@graph\":[{\"@type\":\"WebPage\",\"@id\":\"https:\\\/\\\/spiritual-science-research.com\\\/dimensions-of-the-sense-of-self-i-manifestation-and-its-relation-to-hypersensitivity\\\/\",\"url\":\"https:\\\/\\\/spiritual-science-research.com\\\/dimensions-of-the-sense-of-self-i-manifestation-and-its-relation-to-hypersensitivity\\\/\",\"name\":\"Dimensionen des Ich-Bewusstseins - Spiritual Science Research\",\"isPartOf\":{\"@id\":\"https:\\\/\\\/spiritual-science-research.com\\\/#website\"},\"primaryImageOfPage\":{\"@id\":\"https:\\\/\\\/spiritual-science-research.com\\\/dimensions-of-the-sense-of-self-i-manifestation-and-its-relation-to-hypersensitivity\\\/#primaryimage\"},\"image\":{\"@id\":\"https:\\\/\\\/spiritual-science-research.com\\\/dimensions-of-the-sense-of-self-i-manifestation-and-its-relation-to-hypersensitivity\\\/#primaryimage\"},\"thumbnailUrl\":\"https:\\\/\\\/spiritual-science-research.com\\\/wp-content\\\/uploads\\\/2024\\\/09\\\/Goetheanum1_Red_West_Window.jpg\",\"datePublished\":\"2023-03-17T16:36:21+00:00\",\"dateModified\":\"2026-01-13T18:24:28+00:00\",\"description\":\"% % {:en} talk and workshop with Inessa Burdich ES offenbart&nbsp;(IT reveals) - ICH SCHAUE&nbsp;(I SEE) - ES hat geoffenbart&nbsp;(IT has % %\",\"breadcrumb\":{\"@id\":\"https:\\\/\\\/spiritual-science-research.com\\\/dimensions-of-the-sense-of-self-i-manifestation-and-its-relation-to-hypersensitivity\\\/#breadcrumb\"},\"inLanguage\":\"de-DE\",\"potentialAction\":[{\"@type\":\"ReadAction\",\"target\":[\"https:\\\/\\\/spiritual-science-research.com\\\/dimensions-of-the-sense-of-self-i-manifestation-and-its-relation-to-hypersensitivity\\\/\"]}]},{\"@type\":\"ImageObject\",\"inLanguage\":\"de-DE\",\"@id\":\"https:\\\/\\\/spiritual-science-research.com\\\/dimensions-of-the-sense-of-self-i-manifestation-and-its-relation-to-hypersensitivity\\\/#primaryimage\",\"url\":\"https:\\\/\\\/spiritual-science-research.com\\\/wp-content\\\/uploads\\\/2024\\\/09\\\/Goetheanum1_Red_West_Window.jpg\",\"contentUrl\":\"https:\\\/\\\/spiritual-science-research.com\\\/wp-content\\\/uploads\\\/2024\\\/09\\\/Goetheanum1_Red_West_Window.jpg\"},{\"@type\":\"BreadcrumbList\",\"@id\":\"https:\\\/\\\/spiritual-science-research.com\\\/dimensions-of-the-sense-of-self-i-manifestation-and-its-relation-to-hypersensitivity\\\/#breadcrumb\",\"itemListElement\":[{\"@type\":\"ListItem\",\"position\":1,\"name\":\"Home\",\"item\":\"https:\\\/\\\/spiritual-science-research.com\\\/\"},{\"@type\":\"ListItem\",\"position\":2,\"name\":\"Dimensions of the sense of Self (I-presence)\u00a0\"}]},{\"@type\":\"WebSite\",\"@id\":\"https:\\\/\\\/spiritual-science-research.com\\\/#website\",\"url\":\"https:\\\/\\\/spiritual-science-research.com\\\/\",\"name\":\"Spiritual Science Research\",\"description\":\"Learning by doing\",\"publisher\":{\"@id\":\"https:\\\/\\\/spiritual-science-research.com\\\/#organization\"},\"potentialAction\":[{\"@type\":\"SearchAction\",\"target\":{\"@type\":\"EntryPoint\",\"urlTemplate\":\"https:\\\/\\\/spiritual-science-research.com\\\/?s={search_term_string}\"},\"query-input\":{\"@type\":\"PropertyValueSpecification\",\"valueRequired\":true,\"valueName\":\"search_term_string\"}}],\"inLanguage\":\"de-DE\"},{\"@type\":\"Organization\",\"@id\":\"https:\\\/\\\/spiritual-science-research.com\\\/#organization\",\"name\":\"Spiritual Science Research\",\"url\":\"https:\\\/\\\/spiritual-science-research.com\\\/\",\"logo\":{\"@type\":\"ImageObject\",\"inLanguage\":\"de-DE\",\"@id\":\"https:\\\/\\\/spiritual-science-research.com\\\/#\\\/schema\\\/logo\\\/image\\\/\",\"url\":\"https:\\\/\\\/spiritual-science-research.com\\\/wp-content\\\/uploads\\\/2023\\\/05\\\/Group-337.png\",\"contentUrl\":\"https:\\\/\\\/spiritual-science-research.com\\\/wp-content\\\/uploads\\\/2023\\\/05\\\/Group-337.png\",\"width\":400,\"height\":161,\"caption\":\"Spiritual Science Research\"},\"image\":{\"@id\":\"https:\\\/\\\/spiritual-science-research.com\\\/#\\\/schema\\\/logo\\\/image\\\/\"}}]}<\/script>\n<!-- \/ Yoast SEO plugin. -->","yoast_head_json":{"title":"Dimensionen des Ich-Bewusstseins - Spiritual Science Research","robots":{"index":"index","follow":"follow","max-snippet":"max-snippet:-1","max-image-preview":"max-image-preview:large","max-video-preview":"max-video-preview:-1"},"canonical":"https:\/\/spiritual-science-research.com\/dimensions-of-the-sense-of-self-i-manifestation-and-its-relation-to-hypersensitivity\/","og_locale":"de_DE","og_type":"article","og_title":"Dimensionen des Ich-Bewusstseins - Spiritual Science Research","og_url":"https:\/\/spiritual-science-research.com\/dimensions-of-the-sense-of-self-i-manifestation-and-its-relation-to-hypersensitivity\/","og_site_name":"Spiritual Science Research","article_modified_time":"2026-01-13T18:24:28+00:00","og_image":[{"width":1024,"height":796,"url":"https:\/\/spiritual-science-research.com\/wp-content\/uploads\/2024\/09\/Goetheanum1_Red_West_Window.jpg","type":"image\/jpeg"}],"twitter_card":"summary_large_image","twitter_misc":{"Est. reading time":"2 minutes"},"schema":{"@context":"https:\/\/schema.org","@graph":[{"@type":"WebPage","@id":"https:\/\/spiritual-science-research.com\/dimensions-of-the-sense-of-self-i-manifestation-and-its-relation-to-hypersensitivity\/","url":"https:\/\/spiritual-science-research.com\/dimensions-of-the-sense-of-self-i-manifestation-and-its-relation-to-hypersensitivity\/","name":"Dimensionen des Ich-Bewusstseins - Spiritual Science Research","isPartOf":{"@id":"https:\/\/spiritual-science-research.com\/#website"},"primaryImageOfPage":{"@id":"https:\/\/spiritual-science-research.com\/dimensions-of-the-sense-of-self-i-manifestation-and-its-relation-to-hypersensitivity\/#primaryimage"},"image":{"@id":"https:\/\/spiritual-science-research.com\/dimensions-of-the-sense-of-self-i-manifestation-and-its-relation-to-hypersensitivity\/#primaryimage"},"thumbnailUrl":"https:\/\/spiritual-science-research.com\/wp-content\/uploads\/2024\/09\/Goetheanum1_Red_West_Window.jpg","datePublished":"2023-03-17T16:36:21+00:00","dateModified":"2026-01-13T18:24:28+00:00","description":"% % {:en} talk and workshop with Inessa Burdich ES offenbart&nbsp;(IT reveals) - ICH SCHAUE&nbsp;(I SEE) - ES hat geoffenbart&nbsp;(IT has % %","breadcrumb":{"@id":"https:\/\/spiritual-science-research.com\/dimensions-of-the-sense-of-self-i-manifestation-and-its-relation-to-hypersensitivity\/#breadcrumb"},"inLanguage":"de-DE","potentialAction":[{"@type":"ReadAction","target":["https:\/\/spiritual-science-research.com\/dimensions-of-the-sense-of-self-i-manifestation-and-its-relation-to-hypersensitivity\/"]}]},{"@type":"ImageObject","inLanguage":"de-DE","@id":"https:\/\/spiritual-science-research.com\/dimensions-of-the-sense-of-self-i-manifestation-and-its-relation-to-hypersensitivity\/#primaryimage","url":"https:\/\/spiritual-science-research.com\/wp-content\/uploads\/2024\/09\/Goetheanum1_Red_West_Window.jpg","contentUrl":"https:\/\/spiritual-science-research.com\/wp-content\/uploads\/2024\/09\/Goetheanum1_Red_West_Window.jpg"},{"@type":"BreadcrumbList","@id":"https:\/\/spiritual-science-research.com\/dimensions-of-the-sense-of-self-i-manifestation-and-its-relation-to-hypersensitivity\/#breadcrumb","itemListElement":[{"@type":"ListItem","position":1,"name":"Home","item":"https:\/\/spiritual-science-research.com\/"},{"@type":"ListItem","position":2,"name":"Dimensions of the sense of Self (I-presence)\u00a0"}]},{"@type":"WebSite","@id":"https:\/\/spiritual-science-research.com\/#website","url":"https:\/\/spiritual-science-research.com\/","name":"Spiritual Science Research","description":"Learning by doing","publisher":{"@id":"https:\/\/spiritual-science-research.com\/#organization"},"potentialAction":[{"@type":"SearchAction","target":{"@type":"EntryPoint","urlTemplate":"https:\/\/spiritual-science-research.com\/?s={search_term_string}"},"query-input":{"@type":"PropertyValueSpecification","valueRequired":true,"valueName":"search_term_string"}}],"inLanguage":"de-DE"},{"@type":"Organization","@id":"https:\/\/spiritual-science-research.com\/#organization","name":"Spiritual Science Research","url":"https:\/\/spiritual-science-research.com\/","logo":{"@type":"ImageObject","inLanguage":"de-DE","@id":"https:\/\/spiritual-science-research.com\/#\/schema\/logo\/image\/","url":"https:\/\/spiritual-science-research.com\/wp-content\/uploads\/2023\/05\/Group-337.png","contentUrl":"https:\/\/spiritual-science-research.com\/wp-content\/uploads\/2023\/05\/Group-337.png","width":400,"height":161,"caption":"Spiritual Science Research"},"image":{"@id":"https:\/\/spiritual-science-research.com\/#\/schema\/logo\/image\/"}}]}},"_links":{"self":[{"href":"https:\/\/spiritual-science-research.com\/de\/wp-json\/wp\/v2\/pages\/1061","targetHints":{"allow":["GET"]}}],"collection":[{"href":"https:\/\/spiritual-science-research.com\/de\/wp-json\/wp\/v2\/pages"}],"about":[{"href":"https:\/\/spiritual-science-research.com\/de\/wp-json\/wp\/v2\/types\/page"}],"author":[{"embeddable":true,"href":"https:\/\/spiritual-science-research.com\/de\/wp-json\/wp\/v2\/users\/2"}],"replies":[{"embeddable":true,"href":"https:\/\/spiritual-science-research.com\/de\/wp-json\/wp\/v2\/comments?post=1061"}],"version-history":[{"count":42,"href":"https:\/\/spiritual-science-research.com\/de\/wp-json\/wp\/v2\/pages\/1061\/revisions"}],"predecessor-version":[{"id":7355,"href":"https:\/\/spiritual-science-research.com\/de\/wp-json\/wp\/v2\/pages\/1061\/revisions\/7355"}],"wp:attachment":[{"href":"https:\/\/spiritual-science-research.com\/de\/wp-json\/wp\/v2\/media?parent=1061"}],"curies":[{"name":"wp","href":"https:\/\/api.w.org\/{rel}","templated":true}]}}